{"id":24304,"date":"2025-10-14T13:15:49","date_gmt":"2025-10-14T16:15:49","guid":{"rendered":"https:\/\/fundacaofhc.org.br\/?post_type=publicacao&#038;p=24304"},"modified":"2026-03-24T16:51:46","modified_gmt":"2026-03-24T19:51:46","slug":"conexion-america-latina-america-latina-el-no-alineamiento-activo-y-la-disputa-entre-estados-unidos-y-china","status":"publish","type":"publicacao","link":"https:\/\/fundacaofhc.org.br\/es\/publicacao\/conexion-america-latina-america-latina-el-no-alineamiento-activo-y-la-disputa-entre-estados-unidos-y-china\/","title":{"rendered":"Am\u00e9rica Latina, el No Alineamiento Activo y la disputa entre Estados Unidos y China"},"content":{"rendered":"\n<p>En un art\u00edculo in\u00e9dito, Jorge Heine analiza la presencia china en Am\u00e9rica Latina ante la creciente competencia entre Estados Unidos y China. El texto aborda las opciones de los pa\u00edses latinoamericanos para responder a los desaf\u00edos de esta disputa y sacar provecho de ella para su propio desarrollo.<\/p>\n\n\n\n<p>Heine, que fue embajador de Chile en China, India y Sud\u00e1frica, sostiene que el No Alineamiento Activo puede ser una br\u00fajula capaz de orientar la acci\u00f3n de los pa\u00edses de la regi\u00f3n.&nbsp;<\/p>\n\n\n<div class=\"wp-block-image\">\n<figure class=\"aligncenter size-large\"><img loading=\"lazy\" decoding=\"async\" width=\"1024\" height=\"670\" src=\"https:\/\/fundacaofhc.org.br\/wp-content\/uploads\/2025\/09\/capa-es-1024x670.jpg\" alt=\"\" class=\"wp-image-24305\" srcset=\"https:\/\/fundacaofhc.org.br\/wp-content\/uploads\/2025\/09\/capa-es-1024x670.jpg 1024w, https:\/\/fundacaofhc.org.br\/wp-content\/uploads\/2025\/09\/capa-es-300x196.jpg 300w, https:\/\/fundacaofhc.org.br\/wp-content\/uploads\/2025\/09\/capa-es-768x502.jpg 768w, https:\/\/fundacaofhc.org.br\/wp-content\/uploads\/2025\/09\/capa-es-1536x1005.jpg 1536w, https:\/\/fundacaofhc.org.br\/wp-content\/uploads\/2025\/09\/capa-es-2048x1340.jpg 2048w\" sizes=\"auto, (max-width: 1024px) 100vw, 1024px\" \/><\/figure>\n<\/div>\n\n\n\n<a href=\"https:\/\/fundacaofhc.org.br\/wp-content\/uploads\/2025\/09\/conexao-america-latina-nao-alinhamento-ativo-e-disputa-entre-estados-unidos-e-china.pdf\" target=\"_blank\" class=\"btn btn-acao -download mb-5\" data-formtipo=\"reduzido\">EN PORTUGU\u00c9S &#8211; DESCARGAR GRATIS<\/a>\n\n\n<div class=\"block-lista-imagem-descritivo\">\n    <div class=\"-title\">\n        <h2>Sobre el autor<\/h2>\n    <\/div>\n            <div class=\"-item\">\n                    <img decoding=\"async\" src=\"https:\/\/fundacaofhc.org.br\/wp-content\/uploads\/2025\/09\/jorge-heine-scaled-e1758910777152.jpeg\" class=\"img-fluid\" alt=\"\">\n                <div class=\"-text\">\n            <p><strong>Jorge Heine<\/strong><br \/>\nNon-resident fellow del Quincy Institute for Responsible Statecraft. Fue anteriormente profesor de Relaciones Internacionales en la Boston University. Ha sido embajador de Chile en China, en India y en Sud\u00e1frica y ha publicado 18 libros.<\/p>\n        <\/div>\n    <\/div>\n    <\/div>\n\n\n<h2 class=\"wp-block-heading\">Conexi\u00f3n Am\u00e9rica Latina<\/h2>\n\n\n\n<p>La serie Conexi\u00f3n Am\u00e9rica Latina, publicada por la <strong><a href=\"https:\/\/fundacaofhc.org.br\/es\/plataforma-democratica\/\" target=\"_blank\" rel=\"noreferrer noopener\">Plataforma Democr\u00e1tica<\/a><\/strong>, presenta ensayos sobre los cambios pol\u00edticos, culturales y socioecon\u00f3micos que afectan a la calidad de la democracia en Am\u00e9rica Latina, y que, en algunos casos, cuestionan su propia existencia, ya sea en pa\u00edses concretos, en partes de la regi\u00f3n o en la regi\u00f3n en su conjunto.<\/p>\n","protected":false},"excerpt":{"rendered":"<p>En el art\u00edculo, el embajador chileno Jorge Heine eval\u00faa la influencia de China en Am\u00e9rica Latina en un escenario de intensa competencia con Estados Unidos.<\/p>\n","protected":false},"author":5,"featured_media":24305,"template":"","tags":[562,604,605,643,687,736],"autor-publicacao":[],"colecao":[491],"idioma":[495],"plataforma-democratica":[514],"tema":[475],"class_list":["post-24304","publicacao","type-publicacao","status-publish","has-post-thumbnail","hentry","tag-america-latina-2","tag-politica-exterior","tag-geopoltica","tag-estados-unidos-2","tag-politica-internacional-2","tag-china-2","colecao-conexion-america-latina","idioma-espanol","plataforma-democratica-publicaciones","tema-nueva-geopolitica-mundial"],"acf":[],"yoast_head":"<!-- This site is optimized with the Yoast SEO plugin v27.2 - https:\/\/yoast.com\/product\/yoast-seo-wordpress\/ -->\n<title>Am\u00e9rica Latina, el No Alineamiento Activo y la disputa entre Estados Unidos y China | Funda\u00e7\u00e3o FHC<\/title>\n<meta name=\"robots\" content=\"index, follow, max-snippet:-1, max-image-preview:large, max-video-preview:-1\" \/>\n<link rel=\"canonical\" href=\"https:\/\/fundacaofhc.org.br\/es\/publicacao\/conexion-america-latina-america-latina-el-no-alineamiento-activo-y-la-disputa-entre-estados-unidos-y-china\/\" \/>\n<meta property=\"og:locale\" content=\"es_ES\" \/>\n<meta property=\"og:type\" content=\"article\" \/>\n<meta property=\"og:title\" content=\"Am\u00e9rica Latina, el No Alineamiento Activo y la disputa entre Estados Unidos y China | Funda\u00e7\u00e3o FHC\" \/>\n<meta property=\"og:description\" content=\"En el art\u00edculo, el embajador chileno Jorge Heine eval\u00faa la influencia de China en Am\u00e9rica Latina en un escenario de intensa competencia con Estados Unidos.\" \/>\n<meta property=\"og:url\" content=\"https:\/\/fundacaofhc.org.br\/es\/publicacao\/conexion-america-latina-america-latina-el-no-alineamiento-activo-y-la-disputa-entre-estados-unidos-y-china\/\" \/>\n<meta property=\"og:site_name\" content=\"Funda\u00e7\u00e3o FHC\" \/>\n<meta property=\"article:publisher\" content=\"https:\/\/www.facebook.com\/fundacaoFHC\/\" \/>\n<meta property=\"article:modified_time\" content=\"2026-03-24T19:51:46+00:00\" \/>\n<meta property=\"og:image\" content=\"https:\/\/fundacaofhc.org.br\/wp-content\/uploads\/2025\/09\/capa-es.jpg\" \/>\n\t<meta property=\"og:image:width\" content=\"2458\" \/>\n\t<meta property=\"og:image:height\" content=\"1608\" \/>\n\t<meta property=\"og:image:type\" content=\"image\/jpeg\" \/>\n<meta name=\"twitter:card\" content=\"summary_large_image\" \/>\n<meta name=\"twitter:label1\" content=\"Tiempo de lectura\" \/>\n\t<meta name=\"twitter:data1\" content=\"2 minutos\" \/>\n<script type=\"application\/ld+json\" class=\"yoast-schema-graph\">{\"@context\":\"https:\/\/schema.org\",\"@graph\":[{\"@type\":\"WebPage\",\"@id\":\"https:\/\/fundacaofhc.org.br\/es\/publicacao\/conexion-america-latina-america-latina-el-no-alineamiento-activo-y-la-disputa-entre-estados-unidos-y-china\/\",\"url\":\"https:\/\/fundacaofhc.org.br\/es\/publicacao\/conexion-america-latina-america-latina-el-no-alineamiento-activo-y-la-disputa-entre-estados-unidos-y-china\/\",\"name\":\"Am\u00e9rica Latina, el No Alineamiento Activo y la disputa entre Estados Unidos y China | Funda\u00e7\u00e3o FHC\",\"isPartOf\":{\"@id\":\"https:\/\/fundacaofhc.org.br\/es\/#website\"},\"primaryImageOfPage\":{\"@id\":\"https:\/\/fundacaofhc.org.br\/es\/publicacao\/conexion-america-latina-america-latina-el-no-alineamiento-activo-y-la-disputa-entre-estados-unidos-y-china\/#primaryimage\"},\"image\":{\"@id\":\"https:\/\/fundacaofhc.org.br\/es\/publicacao\/conexion-america-latina-america-latina-el-no-alineamiento-activo-y-la-disputa-entre-estados-unidos-y-china\/#primaryimage\"},\"thumbnailUrl\":\"https:\/\/fundacaofhc.org.br\/wp-content\/uploads\/2025\/09\/capa-es.jpg\",\"datePublished\":\"2025-10-14T16:15:49+00:00\",\"dateModified\":\"2026-03-24T19:51:46+00:00\",\"breadcrumb\":{\"@id\":\"https:\/\/fundacaofhc.org.br\/es\/publicacao\/conexion-america-latina-america-latina-el-no-alineamiento-activo-y-la-disputa-entre-estados-unidos-y-china\/#breadcrumb\"},\"inLanguage\":\"es\",\"potentialAction\":[{\"@type\":\"ReadAction\",\"target\":[\"https:\/\/fundacaofhc.org.br\/es\/publicacao\/conexion-america-latina-america-latina-el-no-alineamiento-activo-y-la-disputa-entre-estados-unidos-y-china\/\"]}]},{\"@type\":\"ImageObject\",\"inLanguage\":\"es\",\"@id\":\"https:\/\/fundacaofhc.org.br\/es\/publicacao\/conexion-america-latina-america-latina-el-no-alineamiento-activo-y-la-disputa-entre-estados-unidos-y-china\/#primaryimage\",\"url\":\"https:\/\/fundacaofhc.org.br\/wp-content\/uploads\/2025\/09\/capa-es.jpg\",\"contentUrl\":\"https:\/\/fundacaofhc.org.br\/wp-content\/uploads\/2025\/09\/capa-es.jpg\",\"width\":2458,\"height\":1608,\"caption\":\"mockups-design.com\"},{\"@type\":\"BreadcrumbList\",\"@id\":\"https:\/\/fundacaofhc.org.br\/es\/publicacao\/conexion-america-latina-america-latina-el-no-alineamiento-activo-y-la-disputa-entre-estados-unidos-y-china\/#breadcrumb\",\"itemListElement\":[{\"@type\":\"ListItem\",\"position\":1,\"name\":\"Home\",\"item\":\"https:\/\/fundacaofhc.org.br\/es\/\"},{\"@type\":\"ListItem\",\"position\":2,\"name\":\"Am\u00e9rica Latina, el No Alineamiento Activo y la disputa entre Estados Unidos y China\"}]},{\"@type\":\"WebSite\",\"@id\":\"https:\/\/fundacaofhc.org.br\/es\/#website\",\"url\":\"https:\/\/fundacaofhc.org.br\/es\/\",\"name\":\"Funda\u00e7\u00e3o FHC\",\"description\":\"Um lugar de debates sobre democracia e desenvolvimento\",\"publisher\":{\"@id\":\"https:\/\/fundacaofhc.org.br\/es\/#organization\"},\"potentialAction\":[{\"@type\":\"SearchAction\",\"target\":{\"@type\":\"EntryPoint\",\"urlTemplate\":\"https:\/\/fundacaofhc.org.br\/es\/?s={search_term_string}\"},\"query-input\":{\"@type\":\"PropertyValueSpecification\",\"valueRequired\":true,\"valueName\":\"search_term_string\"}}],\"inLanguage\":\"es\"},{\"@type\":\"Organization\",\"@id\":\"https:\/\/fundacaofhc.org.br\/es\/#organization\",\"name\":\"Funda\u00e7\u00e3o Fernando Henrique Cardoso\",\"alternateName\":\"Funda\u00e7\u00e3o FHC\",\"url\":\"https:\/\/fundacaofhc.org.br\/es\/\",\"logo\":{\"@type\":\"ImageObject\",\"inLanguage\":\"es\",\"@id\":\"https:\/\/fundacaofhc.org.br\/es\/#\/schema\/logo\/image\/\",\"url\":\"https:\/\/fundacaofhc.org.br\/wp-content\/uploads\/2024\/05\/favicon.png\",\"contentUrl\":\"https:\/\/fundacaofhc.org.br\/wp-content\/uploads\/2024\/05\/favicon.png\",\"width\":512,\"height\":512,\"caption\":\"Funda\u00e7\u00e3o Fernando Henrique Cardoso\"},\"image\":{\"@id\":\"https:\/\/fundacaofhc.org.br\/es\/#\/schema\/logo\/image\/\"},\"sameAs\":[\"https:\/\/www.facebook.com\/fundacaoFHC\/\",\"https:\/\/www.linkedin.com\/company\/fundao-instituto-fernando-henrique-cardoso\",\"https:\/\/www.instagram.com\/fundacaofhc\/\",\"https:\/\/twitter.com\/fundacaofhc\",\"https:\/\/www.youtube.com\/FundacaoInstitutoFHC\"]}]}<\/script>\n<!-- \/ Yoast SEO plugin. -->","yoast_head_json":{"title":"Am\u00e9rica Latina, el No Alineamiento Activo y la disputa entre Estados Unidos y China | Funda\u00e7\u00e3o FHC","robots":{"index":"index","follow":"follow","max-snippet":"max-snippet:-1","max-image-preview":"max-image-preview:large","max-video-preview":"max-video-preview:-1"},"canonical":"https:\/\/fundacaofhc.org.br\/es\/publicacao\/conexion-america-latina-america-latina-el-no-alineamiento-activo-y-la-disputa-entre-estados-unidos-y-china\/","og_locale":"es_ES","og_type":"article","og_title":"Am\u00e9rica Latina, el No Alineamiento Activo y la disputa entre Estados Unidos y China | Funda\u00e7\u00e3o FHC","og_description":"En el art\u00edculo, el embajador chileno Jorge Heine eval\u00faa la influencia de China en Am\u00e9rica Latina en un escenario de intensa competencia con Estados Unidos.","og_url":"https:\/\/fundacaofhc.org.br\/es\/publicacao\/conexion-america-latina-america-latina-el-no-alineamiento-activo-y-la-disputa-entre-estados-unidos-y-china\/","og_site_name":"Funda\u00e7\u00e3o FHC","article_publisher":"https:\/\/www.facebook.com\/fundacaoFHC\/","article_modified_time":"2026-03-24T19:51:46+00:00","og_image":[{"width":2458,"height":1608,"url":"https:\/\/fundacaofhc.org.br\/wp-content\/uploads\/2025\/09\/capa-es.jpg","type":"image\/jpeg"}],"twitter_card":"summary_large_image","twitter_misc":{"Tiempo de lectura":"2 minutos"},"schema":{"@context":"https:\/\/schema.org","@graph":[{"@type":"WebPage","@id":"https:\/\/fundacaofhc.org.br\/es\/publicacao\/conexion-america-latina-america-latina-el-no-alineamiento-activo-y-la-disputa-entre-estados-unidos-y-china\/","url":"https:\/\/fundacaofhc.org.br\/es\/publicacao\/conexion-america-latina-america-latina-el-no-alineamiento-activo-y-la-disputa-entre-estados-unidos-y-china\/","name":"Am\u00e9rica Latina, el No Alineamiento Activo y la disputa entre Estados Unidos y China | Funda\u00e7\u00e3o FHC","isPartOf":{"@id":"https:\/\/fundacaofhc.org.br\/es\/#website"},"primaryImageOfPage":{"@id":"https:\/\/fundacaofhc.org.br\/es\/publicacao\/conexion-america-latina-america-latina-el-no-alineamiento-activo-y-la-disputa-entre-estados-unidos-y-china\/#primaryimage"},"image":{"@id":"https:\/\/fundacaofhc.org.br\/es\/publicacao\/conexion-america-latina-america-latina-el-no-alineamiento-activo-y-la-disputa-entre-estados-unidos-y-china\/#primaryimage"},"thumbnailUrl":"https:\/\/fundacaofhc.org.br\/wp-content\/uploads\/2025\/09\/capa-es.jpg","datePublished":"2025-10-14T16:15:49+00:00","dateModified":"2026-03-24T19:51:46+00:00","breadcrumb":{"@id":"https:\/\/fundacaofhc.org.br\/es\/publicacao\/conexion-america-latina-america-latina-el-no-alineamiento-activo-y-la-disputa-entre-estados-unidos-y-china\/#breadcrumb"},"inLanguage":"es","potentialAction":[{"@type":"ReadAction","target":["https:\/\/fundacaofhc.org.br\/es\/publicacao\/conexion-america-latina-america-latina-el-no-alineamiento-activo-y-la-disputa-entre-estados-unidos-y-china\/"]}]},{"@type":"ImageObject","inLanguage":"es","@id":"https:\/\/fundacaofhc.org.br\/es\/publicacao\/conexion-america-latina-america-latina-el-no-alineamiento-activo-y-la-disputa-entre-estados-unidos-y-china\/#primaryimage","url":"https:\/\/fundacaofhc.org.br\/wp-content\/uploads\/2025\/09\/capa-es.jpg","contentUrl":"https:\/\/fundacaofhc.org.br\/wp-content\/uploads\/2025\/09\/capa-es.jpg","width":2458,"height":1608,"caption":"mockups-design.com"},{"@type":"BreadcrumbList","@id":"https:\/\/fundacaofhc.org.br\/es\/publicacao\/conexion-america-latina-america-latina-el-no-alineamiento-activo-y-la-disputa-entre-estados-unidos-y-china\/#breadcrumb","itemListElement":[{"@type":"ListItem","position":1,"name":"Home","item":"https:\/\/fundacaofhc.org.br\/es\/"},{"@type":"ListItem","position":2,"name":"Am\u00e9rica Latina, el No Alineamiento Activo y la disputa entre Estados Unidos y China"}]},{"@type":"WebSite","@id":"https:\/\/fundacaofhc.org.br\/es\/#website","url":"https:\/\/fundacaofhc.org.br\/es\/","name":"Funda\u00e7\u00e3o FHC","description":"Um lugar de debates sobre democracia e desenvolvimento","publisher":{"@id":"https:\/\/fundacaofhc.org.br\/es\/#organization"},"potentialAction":[{"@type":"SearchAction","target":{"@type":"EntryPoint","urlTemplate":"https:\/\/fundacaofhc.org.br\/es\/?s={search_term_string}"},"query-input":{"@type":"PropertyValueSpecification","valueRequired":true,"valueName":"search_term_string"}}],"inLanguage":"es"},{"@type":"Organization","@id":"https:\/\/fundacaofhc.org.br\/es\/#organization","name":"Funda\u00e7\u00e3o Fernando Henrique Cardoso","alternateName":"Funda\u00e7\u00e3o FHC","url":"https:\/\/fundacaofhc.org.br\/es\/","logo":{"@type":"ImageObject","inLanguage":"es","@id":"https:\/\/fundacaofhc.org.br\/es\/#\/schema\/logo\/image\/","url":"https:\/\/fundacaofhc.org.br\/wp-content\/uploads\/2024\/05\/favicon.png","contentUrl":"https:\/\/fundacaofhc.org.br\/wp-content\/uploads\/2024\/05\/favicon.png","width":512,"height":512,"caption":"Funda\u00e7\u00e3o Fernando Henrique Cardoso"},"image":{"@id":"https:\/\/fundacaofhc.org.br\/es\/#\/schema\/logo\/image\/"},"sameAs":["https:\/\/www.facebook.com\/fundacaoFHC\/","https:\/\/www.linkedin.com\/company\/fundao-instituto-fernando-henrique-cardoso","https:\/\/www.instagram.com\/fundacaofhc\/","https:\/\/twitter.com\/fundacaofhc","https:\/\/www.youtube.com\/FundacaoInstitutoFHC"]}]}},"_links":{"self":[{"href":"https:\/\/fundacaofhc.org.br\/es\/wp-json\/wp\/v2\/publicacao\/24304","targetHints":{"allow":["GET"]}}],"collection":[{"href":"https:\/\/fundacaofhc.org.br\/es\/wp-json\/wp\/v2\/publicacao"}],"about":[{"href":"https:\/\/fundacaofhc.org.br\/es\/wp-json\/wp\/v2\/types\/publicacao"}],"author":[{"embeddable":true,"href":"https:\/\/fundacaofhc.org.br\/es\/wp-json\/wp\/v2\/users\/5"}],"version-history":[{"count":2,"href":"https:\/\/fundacaofhc.org.br\/es\/wp-json\/wp\/v2\/publicacao\/24304\/revisions"}],"predecessor-version":[{"id":26576,"href":"https:\/\/fundacaofhc.org.br\/es\/wp-json\/wp\/v2\/publicacao\/24304\/revisions\/26576"}],"wp:featuredmedia":[{"embeddable":true,"href":"https:\/\/fundacaofhc.org.br\/es\/wp-json\/wp\/v2\/media\/24305"}],"wp:attachment":[{"href":"https:\/\/fundacaofhc.org.br\/es\/wp-json\/wp\/v2\/media?parent=24304"}],"wp:term":[{"taxonomy":"post_tag","embeddable":true,"href":"https:\/\/fundacaofhc.org.br\/es\/wp-json\/wp\/v2\/tags?post=24304"},{"taxonomy":"autor-publicacao","embeddable":true,"href":"https:\/\/fundacaofhc.org.br\/es\/wp-json\/wp\/v2\/autor-publicacao?post=24304"},{"taxonomy":"colecao","embeddable":true,"href":"https:\/\/fundacaofhc.org.br\/es\/wp-json\/wp\/v2\/colecao?post=24304"},{"taxonomy":"idioma","embeddable":true,"href":"https:\/\/fundacaofhc.org.br\/es\/wp-json\/wp\/v2\/idioma?post=24304"},{"taxonomy":"plataforma-democratica","embeddable":true,"href":"https:\/\/fundacaofhc.org.br\/es\/wp-json\/wp\/v2\/plataforma-democratica?post=24304"},{"taxonomy":"tema","embeddable":true,"href":"https:\/\/fundacaofhc.org.br\/es\/wp-json\/wp\/v2\/tema?post=24304"}],"curies":[{"name":"wp","href":"https:\/\/api.w.org\/{rel}","templated":true}]}}