{"id":18919,"date":"2008-10-23T14:45:00","date_gmt":"2008-10-23T16:45:00","guid":{"rendered":"https:\/\/fundacaofhc.org.br\/?post_type=publicacao&#038;p=18919"},"modified":"2024-08-23T14:49:50","modified_gmt":"2024-08-23T17:49:50","slug":"sistema-chile-solidario-y-la-politica-de-proteccion-social-de-chile-lecciones-del-pasado-y-agenda-para-el-futuro","status":"publish","type":"publicacao","link":"https:\/\/fundacaofhc.org.br\/es\/publicacao\/sistema-chile-solidario-y-la-politica-de-proteccion-social-de-chile-lecciones-del-pasado-y-agenda-para-el-futuro\/","title":{"rendered":"Sistema Chile Solidario y la Politica de Proteccion Social de Chile: lecciones del pasado y agenda para el futuro"},"content":{"rendered":"\n<p>Este texto analiza el Sistema de Protecci\u00f3n Social Chile Solidario (CHS) en el contexto de la pol\u00edtica social vigente cuando se formula e inicia su implementaci\u00f3n y en el momento actual, en el cual se est\u00e1n tomando decisiones en torno al perfil y los componentes de un Sistema Nacional de Protecci\u00f3n Social que va m\u00e1s all\u00e1 de la atenci\u00f3n preferente a las familias y sectores en extrema pobreza que es el caso del Chile Solidario.<\/p>\n\n\n\n<p>El documento se estructura en 9 secciones. La primera inserta el Sistema Chile Solidario en la trayectoria de la pol\u00edtica social de alivio y superaci\u00f3n de la pobreza del pa\u00eds en las \u00faltimas d\u00e9cadas. La secci\u00f3n 2 se detiene en el origen y sentido del CHS y la tercera en su dise\u00f1o (componentes, etapas, condiciones m\u00ednimas a lograr y metas de resultados). La secci\u00f3n 4 describe el modelo de gesti\u00f3n; la 5 los momentos claves de su implementaci\u00f3n; y la 6 sus recursos y financiamiento. La secci\u00f3n 7 da cuenta de sus resultados y la 8 de oportunidades, obst\u00e1culos y vac\u00edos en su dise\u00f1o e implementaci\u00f3n. La secci\u00f3n 9 inserta el CHS en el marco actual de la pol\u00edtica social donde se debate en torno al dise\u00f1o de un Sistema Nacional de Protecci\u00f3n Social.<\/p>\n\n\n\n<p>La evidencia en que se apoya el documento proviene de informes de Gobierno y del Sistema Chile Solidario, as\u00ed como escritos sobre el Sistema de Protecci\u00f3n Social, evaluaciones y estudios sobre el Programa Puente y\/o el CHS realizadas por distintos profesionales y expertos e instituciones, as\u00ed como escritos generales sobre pol\u00edticas sociales, Estado de Bienestar, Protecci\u00f3n social, gesti\u00f3n de la pol\u00edtica p\u00fablica, conceptualizaci\u00f3n y enfoques de pol\u00edtica en la lucha contra la pobreza. A estos antecedentes se suma la experiencia de largos a\u00f1os de la autora en temas de pobreza y evaluaciones de la pol\u00edtica y de programas para superarla. Resulta imposible recordar las muchas lecturas de texto de otros realizadas a lo largo de los a\u00f1os e identificar todas las fuentes que inspiran el an\u00e1lisis. Pido disculpas por esto a mis colegas de Chile y de otros pa\u00edses, que laboran en esta \u00e1rea de trabajo.<\/p>\n\n\n\n\n<a href=\"https:\/\/www.plataformademocratica.org\/PDF\/Publicacao_224_em_07_05_2008_10_46_12.pdf\" target=\"_blank\" class=\"btn btn-acao -download mb-5\" >DESCARGAR GRATIS<\/a>","protected":false},"excerpt":{"rendered":"<p>Art\u00edculo de Dagmar Raczynski, soci\u00f3loga, profesora titular de la Pontificia Universidad Cat\u00f3lica de Chile y directora de Asesor\u00edas para el Desarrollo.<\/p>\n","protected":false},"author":5,"featured_media":18920,"template":"","tags":[560,562,567,594],"autor-publicacao":[],"colecao":[],"idioma":[495],"plataforma-democratica":[508,510],"tema":[472],"class_list":["post-18919","publicacao","type-publicacao","status-publish","has-post-thumbnail","hentry","tag-democracia-2","tag-america-latina-2","tag-chile-3","tag-politica-3","idioma-espanol","plataforma-democratica-plataforma-democratica-es","plataforma-democratica-documento-de-trabajo","tema-crisis-y-actualizacion-de-la-democracia"],"acf":[],"yoast_head":"<!-- This site is optimized with the Yoast SEO plugin v27.2 - https:\/\/yoast.com\/product\/yoast-seo-wordpress\/ -->\n<title>Sistema Chile Solidario y la Politica de Proteccion Social de Chile: lecciones del pasado y agenda para el futuro | Funda\u00e7\u00e3o FHC<\/title>\n<meta name=\"robots\" content=\"index, follow, max-snippet:-1, max-image-preview:large, max-video-preview:-1\" \/>\n<link rel=\"canonical\" href=\"https:\/\/fundacaofhc.org.br\/es\/publicacao\/sistema-chile-solidario-y-la-politica-de-proteccion-social-de-chile-lecciones-del-pasado-y-agenda-para-el-futuro\/\" \/>\n<meta property=\"og:locale\" content=\"es_ES\" \/>\n<meta property=\"og:type\" content=\"article\" \/>\n<meta property=\"og:title\" content=\"Sistema Chile Solidario y la Politica de Proteccion Social de Chile: lecciones del pasado y agenda para el futuro | Funda\u00e7\u00e3o FHC\" \/>\n<meta property=\"og:description\" content=\"Art\u00edculo de Dagmar Raczynski, soci\u00f3loga, profesora titular de la Pontificia Universidad Cat\u00f3lica de Chile y directora de Asesor\u00edas para el Desarrollo.\" \/>\n<meta property=\"og:url\" content=\"https:\/\/fundacaofhc.org.br\/es\/publicacao\/sistema-chile-solidario-y-la-politica-de-proteccion-social-de-chile-lecciones-del-pasado-y-agenda-para-el-futuro\/\" \/>\n<meta property=\"og:site_name\" content=\"Funda\u00e7\u00e3o FHC\" \/>\n<meta property=\"article:publisher\" content=\"https:\/\/www.facebook.com\/fundacaoFHC\/\" \/>\n<meta property=\"article:modified_time\" content=\"2024-08-23T17:49:50+00:00\" \/>\n<meta property=\"og:image\" content=\"https:\/\/fundacaofhc.org.br\/wp-content\/uploads\/2024\/08\/sistemachile.jpg\" \/>\n\t<meta property=\"og:image:width\" content=\"1024\" \/>\n\t<meta property=\"og:image:height\" content=\"670\" \/>\n\t<meta property=\"og:image:type\" content=\"image\/jpeg\" \/>\n<meta name=\"twitter:card\" content=\"summary_large_image\" \/>\n<meta name=\"twitter:label1\" content=\"Tiempo de lectura\" \/>\n\t<meta name=\"twitter:data1\" content=\"3 minutos\" \/>\n<script type=\"application\/ld+json\" class=\"yoast-schema-graph\">{\"@context\":\"https:\/\/schema.org\",\"@graph\":[{\"@type\":\"WebPage\",\"@id\":\"https:\/\/fundacaofhc.org.br\/es\/publicacao\/sistema-chile-solidario-y-la-politica-de-proteccion-social-de-chile-lecciones-del-pasado-y-agenda-para-el-futuro\/\",\"url\":\"https:\/\/fundacaofhc.org.br\/es\/publicacao\/sistema-chile-solidario-y-la-politica-de-proteccion-social-de-chile-lecciones-del-pasado-y-agenda-para-el-futuro\/\",\"name\":\"Sistema Chile Solidario y la Politica de Proteccion Social de Chile: lecciones del pasado y agenda para el futuro | Funda\u00e7\u00e3o FHC\",\"isPartOf\":{\"@id\":\"https:\/\/fundacaofhc.org.br\/es\/#website\"},\"primaryImageOfPage\":{\"@id\":\"https:\/\/fundacaofhc.org.br\/es\/publicacao\/sistema-chile-solidario-y-la-politica-de-proteccion-social-de-chile-lecciones-del-pasado-y-agenda-para-el-futuro\/#primaryimage\"},\"image\":{\"@id\":\"https:\/\/fundacaofhc.org.br\/es\/publicacao\/sistema-chile-solidario-y-la-politica-de-proteccion-social-de-chile-lecciones-del-pasado-y-agenda-para-el-futuro\/#primaryimage\"},\"thumbnailUrl\":\"https:\/\/fundacaofhc.org.br\/wp-content\/uploads\/2024\/08\/sistemachile.jpg\",\"datePublished\":\"2008-10-23T16:45:00+00:00\",\"dateModified\":\"2024-08-23T17:49:50+00:00\",\"breadcrumb\":{\"@id\":\"https:\/\/fundacaofhc.org.br\/es\/publicacao\/sistema-chile-solidario-y-la-politica-de-proteccion-social-de-chile-lecciones-del-pasado-y-agenda-para-el-futuro\/#breadcrumb\"},\"inLanguage\":\"es\",\"potentialAction\":[{\"@type\":\"ReadAction\",\"target\":[\"https:\/\/fundacaofhc.org.br\/es\/publicacao\/sistema-chile-solidario-y-la-politica-de-proteccion-social-de-chile-lecciones-del-pasado-y-agenda-para-el-futuro\/\"]}]},{\"@type\":\"ImageObject\",\"inLanguage\":\"es\",\"@id\":\"https:\/\/fundacaofhc.org.br\/es\/publicacao\/sistema-chile-solidario-y-la-politica-de-proteccion-social-de-chile-lecciones-del-pasado-y-agenda-para-el-futuro\/#primaryimage\",\"url\":\"https:\/\/fundacaofhc.org.br\/wp-content\/uploads\/2024\/08\/sistemachile.jpg\",\"contentUrl\":\"https:\/\/fundacaofhc.org.br\/wp-content\/uploads\/2024\/08\/sistemachile.jpg\",\"width\":1024,\"height\":670},{\"@type\":\"BreadcrumbList\",\"@id\":\"https:\/\/fundacaofhc.org.br\/es\/publicacao\/sistema-chile-solidario-y-la-politica-de-proteccion-social-de-chile-lecciones-del-pasado-y-agenda-para-el-futuro\/#breadcrumb\",\"itemListElement\":[{\"@type\":\"ListItem\",\"position\":1,\"name\":\"Home\",\"item\":\"https:\/\/fundacaofhc.org.br\/es\/\"},{\"@type\":\"ListItem\",\"position\":2,\"name\":\"Sistema Chile Solidario y la Politica de Proteccion Social de Chile: lecciones del pasado y agenda para el futuro\"}]},{\"@type\":\"WebSite\",\"@id\":\"https:\/\/fundacaofhc.org.br\/es\/#website\",\"url\":\"https:\/\/fundacaofhc.org.br\/es\/\",\"name\":\"Funda\u00e7\u00e3o FHC\",\"description\":\"Um lugar de debates sobre democracia e desenvolvimento\",\"publisher\":{\"@id\":\"https:\/\/fundacaofhc.org.br\/es\/#organization\"},\"potentialAction\":[{\"@type\":\"SearchAction\",\"target\":{\"@type\":\"EntryPoint\",\"urlTemplate\":\"https:\/\/fundacaofhc.org.br\/es\/?s={search_term_string}\"},\"query-input\":{\"@type\":\"PropertyValueSpecification\",\"valueRequired\":true,\"valueName\":\"search_term_string\"}}],\"inLanguage\":\"es\"},{\"@type\":\"Organization\",\"@id\":\"https:\/\/fundacaofhc.org.br\/es\/#organization\",\"name\":\"Funda\u00e7\u00e3o Fernando Henrique Cardoso\",\"alternateName\":\"Funda\u00e7\u00e3o FHC\",\"url\":\"https:\/\/fundacaofhc.org.br\/es\/\",\"logo\":{\"@type\":\"ImageObject\",\"inLanguage\":\"es\",\"@id\":\"https:\/\/fundacaofhc.org.br\/es\/#\/schema\/logo\/image\/\",\"url\":\"https:\/\/fundacaofhc.org.br\/wp-content\/uploads\/2024\/05\/favicon.png\",\"contentUrl\":\"https:\/\/fundacaofhc.org.br\/wp-content\/uploads\/2024\/05\/favicon.png\",\"width\":512,\"height\":512,\"caption\":\"Funda\u00e7\u00e3o Fernando Henrique Cardoso\"},\"image\":{\"@id\":\"https:\/\/fundacaofhc.org.br\/es\/#\/schema\/logo\/image\/\"},\"sameAs\":[\"https:\/\/www.facebook.com\/fundacaoFHC\/\",\"https:\/\/www.linkedin.com\/company\/fundao-instituto-fernando-henrique-cardoso\",\"https:\/\/www.instagram.com\/fundacaofhc\/\",\"https:\/\/twitter.com\/fundacaofhc\",\"https:\/\/www.youtube.com\/FundacaoInstitutoFHC\"]}]}<\/script>\n<!-- \/ Yoast SEO plugin. -->","yoast_head_json":{"title":"Sistema Chile Solidario y la Politica de Proteccion Social de Chile: lecciones del pasado y agenda para el futuro | Funda\u00e7\u00e3o FHC","robots":{"index":"index","follow":"follow","max-snippet":"max-snippet:-1","max-image-preview":"max-image-preview:large","max-video-preview":"max-video-preview:-1"},"canonical":"https:\/\/fundacaofhc.org.br\/es\/publicacao\/sistema-chile-solidario-y-la-politica-de-proteccion-social-de-chile-lecciones-del-pasado-y-agenda-para-el-futuro\/","og_locale":"es_ES","og_type":"article","og_title":"Sistema Chile Solidario y la Politica de Proteccion Social de Chile: lecciones del pasado y agenda para el futuro | Funda\u00e7\u00e3o FHC","og_description":"Art\u00edculo de Dagmar Raczynski, soci\u00f3loga, profesora titular de la Pontificia Universidad Cat\u00f3lica de Chile y directora de Asesor\u00edas para el Desarrollo.","og_url":"https:\/\/fundacaofhc.org.br\/es\/publicacao\/sistema-chile-solidario-y-la-politica-de-proteccion-social-de-chile-lecciones-del-pasado-y-agenda-para-el-futuro\/","og_site_name":"Funda\u00e7\u00e3o FHC","article_publisher":"https:\/\/www.facebook.com\/fundacaoFHC\/","article_modified_time":"2024-08-23T17:49:50+00:00","og_image":[{"width":1024,"height":670,"url":"https:\/\/fundacaofhc.org.br\/wp-content\/uploads\/2024\/08\/sistemachile.jpg","type":"image\/jpeg"}],"twitter_card":"summary_large_image","twitter_misc":{"Tiempo de lectura":"3 minutos"},"schema":{"@context":"https:\/\/schema.org","@graph":[{"@type":"WebPage","@id":"https:\/\/fundacaofhc.org.br\/es\/publicacao\/sistema-chile-solidario-y-la-politica-de-proteccion-social-de-chile-lecciones-del-pasado-y-agenda-para-el-futuro\/","url":"https:\/\/fundacaofhc.org.br\/es\/publicacao\/sistema-chile-solidario-y-la-politica-de-proteccion-social-de-chile-lecciones-del-pasado-y-agenda-para-el-futuro\/","name":"Sistema Chile Solidario y la Politica de Proteccion Social de Chile: lecciones del pasado y agenda para el futuro | Funda\u00e7\u00e3o FHC","isPartOf":{"@id":"https:\/\/fundacaofhc.org.br\/es\/#website"},"primaryImageOfPage":{"@id":"https:\/\/fundacaofhc.org.br\/es\/publicacao\/sistema-chile-solidario-y-la-politica-de-proteccion-social-de-chile-lecciones-del-pasado-y-agenda-para-el-futuro\/#primaryimage"},"image":{"@id":"https:\/\/fundacaofhc.org.br\/es\/publicacao\/sistema-chile-solidario-y-la-politica-de-proteccion-social-de-chile-lecciones-del-pasado-y-agenda-para-el-futuro\/#primaryimage"},"thumbnailUrl":"https:\/\/fundacaofhc.org.br\/wp-content\/uploads\/2024\/08\/sistemachile.jpg","datePublished":"2008-10-23T16:45:00+00:00","dateModified":"2024-08-23T17:49:50+00:00","breadcrumb":{"@id":"https:\/\/fundacaofhc.org.br\/es\/publicacao\/sistema-chile-solidario-y-la-politica-de-proteccion-social-de-chile-lecciones-del-pasado-y-agenda-para-el-futuro\/#breadcrumb"},"inLanguage":"es","potentialAction":[{"@type":"ReadAction","target":["https:\/\/fundacaofhc.org.br\/es\/publicacao\/sistema-chile-solidario-y-la-politica-de-proteccion-social-de-chile-lecciones-del-pasado-y-agenda-para-el-futuro\/"]}]},{"@type":"ImageObject","inLanguage":"es","@id":"https:\/\/fundacaofhc.org.br\/es\/publicacao\/sistema-chile-solidario-y-la-politica-de-proteccion-social-de-chile-lecciones-del-pasado-y-agenda-para-el-futuro\/#primaryimage","url":"https:\/\/fundacaofhc.org.br\/wp-content\/uploads\/2024\/08\/sistemachile.jpg","contentUrl":"https:\/\/fundacaofhc.org.br\/wp-content\/uploads\/2024\/08\/sistemachile.jpg","width":1024,"height":670},{"@type":"BreadcrumbList","@id":"https:\/\/fundacaofhc.org.br\/es\/publicacao\/sistema-chile-solidario-y-la-politica-de-proteccion-social-de-chile-lecciones-del-pasado-y-agenda-para-el-futuro\/#breadcrumb","itemListElement":[{"@type":"ListItem","position":1,"name":"Home","item":"https:\/\/fundacaofhc.org.br\/es\/"},{"@type":"ListItem","position":2,"name":"Sistema Chile Solidario y la Politica de Proteccion Social de Chile: lecciones del pasado y agenda para el futuro"}]},{"@type":"WebSite","@id":"https:\/\/fundacaofhc.org.br\/es\/#website","url":"https:\/\/fundacaofhc.org.br\/es\/","name":"Funda\u00e7\u00e3o FHC","description":"Um lugar de debates sobre democracia e desenvolvimento","publisher":{"@id":"https:\/\/fundacaofhc.org.br\/es\/#organization"},"potentialAction":[{"@type":"SearchAction","target":{"@type":"EntryPoint","urlTemplate":"https:\/\/fundacaofhc.org.br\/es\/?s={search_term_string}"},"query-input":{"@type":"PropertyValueSpecification","valueRequired":true,"valueName":"search_term_string"}}],"inLanguage":"es"},{"@type":"Organization","@id":"https:\/\/fundacaofhc.org.br\/es\/#organization","name":"Funda\u00e7\u00e3o Fernando Henrique Cardoso","alternateName":"Funda\u00e7\u00e3o FHC","url":"https:\/\/fundacaofhc.org.br\/es\/","logo":{"@type":"ImageObject","inLanguage":"es","@id":"https:\/\/fundacaofhc.org.br\/es\/#\/schema\/logo\/image\/","url":"https:\/\/fundacaofhc.org.br\/wp-content\/uploads\/2024\/05\/favicon.png","contentUrl":"https:\/\/fundacaofhc.org.br\/wp-content\/uploads\/2024\/05\/favicon.png","width":512,"height":512,"caption":"Funda\u00e7\u00e3o Fernando Henrique Cardoso"},"image":{"@id":"https:\/\/fundacaofhc.org.br\/es\/#\/schema\/logo\/image\/"},"sameAs":["https:\/\/www.facebook.com\/fundacaoFHC\/","https:\/\/www.linkedin.com\/company\/fundao-instituto-fernando-henrique-cardoso","https:\/\/www.instagram.com\/fundacaofhc\/","https:\/\/twitter.com\/fundacaofhc","https:\/\/www.youtube.com\/FundacaoInstitutoFHC"]}]}},"_links":{"self":[{"href":"https:\/\/fundacaofhc.org.br\/es\/wp-json\/wp\/v2\/publicacao\/18919","targetHints":{"allow":["GET"]}}],"collection":[{"href":"https:\/\/fundacaofhc.org.br\/es\/wp-json\/wp\/v2\/publicacao"}],"about":[{"href":"https:\/\/fundacaofhc.org.br\/es\/wp-json\/wp\/v2\/types\/publicacao"}],"author":[{"embeddable":true,"href":"https:\/\/fundacaofhc.org.br\/es\/wp-json\/wp\/v2\/users\/5"}],"version-history":[{"count":0,"href":"https:\/\/fundacaofhc.org.br\/es\/wp-json\/wp\/v2\/publicacao\/18919\/revisions"}],"wp:featuredmedia":[{"embeddable":true,"href":"https:\/\/fundacaofhc.org.br\/es\/wp-json\/wp\/v2\/media\/18920"}],"wp:attachment":[{"href":"https:\/\/fundacaofhc.org.br\/es\/wp-json\/wp\/v2\/media?parent=18919"}],"wp:term":[{"taxonomy":"post_tag","embeddable":true,"href":"https:\/\/fundacaofhc.org.br\/es\/wp-json\/wp\/v2\/tags?post=18919"},{"taxonomy":"autor-publicacao","embeddable":true,"href":"https:\/\/fundacaofhc.org.br\/es\/wp-json\/wp\/v2\/autor-publicacao?post=18919"},{"taxonomy":"colecao","embeddable":true,"href":"https:\/\/fundacaofhc.org.br\/es\/wp-json\/wp\/v2\/colecao?post=18919"},{"taxonomy":"idioma","embeddable":true,"href":"https:\/\/fundacaofhc.org.br\/es\/wp-json\/wp\/v2\/idioma?post=18919"},{"taxonomy":"plataforma-democratica","embeddable":true,"href":"https:\/\/fundacaofhc.org.br\/es\/wp-json\/wp\/v2\/plataforma-democratica?post=18919"},{"taxonomy":"tema","embeddable":true,"href":"https:\/\/fundacaofhc.org.br\/es\/wp-json\/wp\/v2\/tema?post=18919"}],"curies":[{"name":"wp","href":"https:\/\/api.w.org\/{rel}","templated":true}]}}