{"id":18892,"date":"2008-09-11T11:11:00","date_gmt":"2008-09-11T14:11:00","guid":{"rendered":"https:\/\/fundacaofhc.org.br\/?post_type=publicacao&#038;p=18892"},"modified":"2024-08-23T11:15:51","modified_gmt":"2024-08-23T14:15:51","slug":"proteccion-social-en-honduras-el-papel-de-los-programas-de-transferencias-condicionadas-praf-i-ii-y-iii","status":"publish","type":"publicacao","link":"https:\/\/fundacaofhc.org.br\/es\/publicacao\/proteccion-social-en-honduras-el-papel-de-los-programas-de-transferencias-condicionadas-praf-i-ii-y-iii\/","title":{"rendered":"Protecci\u00f3n Social en Honduras: El Papel de los Programas de Transferencias Condicionadas: PRAF I, II y III"},"content":{"rendered":"\n<p>Se presentan indicadores que permiten apreciar la evoluci\u00f3n econ\u00f3mica y social, y se describen los hitos m\u00e1s importantes en los programas de superaci\u00f3n de la pobreza: los de naturaleza alimentaria, el Fondo Hondure\u00f1o de Inversi\u00f3n Social y las dos fases del Programa de Asignaci\u00f3n Familiar (PRAF). Especial atenci\u00f3n se presta a este \u00faltimo, exponiendo sus elementos centrales (objetivos, paquetes de servicios, componentes, sistemas de monitoreo y evaluaci\u00f3n) y los resultados de su evaluaci\u00f3n intermedia que llev\u00f3 a cabo el International Food Policy Research Institute (IFPRI). Se presentan tambi\u00e9n los lineamientos que tendr\u00e1 la Fase III. Posteriormente se analiza los posibles avances en la construcci\u00f3n de un sistema nacional de protecci\u00f3n social, al cual deber\u00eda estar conectado este programa de transferencia condicionada. Para terminar se extraen algunas conclusiones que podr\u00edan ser \u00fatiles para una comparaci\u00f3n internacional de esfuerzos similares.<\/p>\n\n\n\n\n<a href=\"https:\/\/www.plataformademocratica.org\/PDF\/Publicacao_223_em_07_05_2008_10_42_36.pdf\" target=\"_blank\" class=\"btn btn-acao -download mb-5\" >DESCARGAR GRATIS<\/a>","protected":false},"excerpt":{"rendered":"<p>Este trabajo revisa la experiencia de Honduras en el campo social y se plantea la posibilidad de realizar avances hacia la constituci\u00f3n de un sistema nacional de protecci\u00f3n social, y del papel que en \u00e9l puede cumplir un programa de transferencias condicionadas (PTC).<\/p>\n","protected":false},"author":5,"featured_media":18893,"template":"","tags":[562,594,645],"autor-publicacao":[],"colecao":[],"idioma":[495],"plataforma-democratica":[508,510],"tema":[472],"class_list":["post-18892","publicacao","type-publicacao","status-publish","has-post-thumbnail","hentry","tag-america-latina-2","tag-politica-3","tag-honduras","idioma-espanol","plataforma-democratica-plataforma-democratica-es","plataforma-democratica-documento-de-trabajo","tema-crisis-y-actualizacion-de-la-democracia"],"acf":[],"yoast_head":"<!-- This site is optimized with the Yoast SEO plugin v27.2 - https:\/\/yoast.com\/product\/yoast-seo-wordpress\/ -->\n<title>Protecci\u00f3n Social en Honduras: El Papel de los Programas de Transferencias Condicionadas: PRAF I, II y III | Funda\u00e7\u00e3o FHC<\/title>\n<meta name=\"robots\" content=\"index, follow, max-snippet:-1, max-image-preview:large, max-video-preview:-1\" \/>\n<link rel=\"canonical\" href=\"https:\/\/fundacaofhc.org.br\/es\/publicacao\/proteccion-social-en-honduras-el-papel-de-los-programas-de-transferencias-condicionadas-praf-i-ii-y-iii\/\" \/>\n<meta property=\"og:locale\" content=\"es_ES\" \/>\n<meta property=\"og:type\" content=\"article\" \/>\n<meta property=\"og:title\" content=\"Protecci\u00f3n Social en Honduras: El Papel de los Programas de Transferencias Condicionadas: PRAF I, II y III | Funda\u00e7\u00e3o FHC\" \/>\n<meta property=\"og:description\" content=\"Este trabajo revisa la experiencia de Honduras en el campo social y se plantea la posibilidad de realizar avances hacia la constituci\u00f3n de un sistema nacional de protecci\u00f3n social, y del papel que en \u00e9l puede cumplir un programa de transferencias condicionadas (PTC).\" \/>\n<meta property=\"og:url\" content=\"https:\/\/fundacaofhc.org.br\/es\/publicacao\/proteccion-social-en-honduras-el-papel-de-los-programas-de-transferencias-condicionadas-praf-i-ii-y-iii\/\" \/>\n<meta property=\"og:site_name\" content=\"Funda\u00e7\u00e3o FHC\" \/>\n<meta property=\"article:publisher\" content=\"https:\/\/www.facebook.com\/fundacaoFHC\/\" \/>\n<meta property=\"article:modified_time\" content=\"2024-08-23T14:15:51+00:00\" \/>\n<meta property=\"og:image\" content=\"https:\/\/fundacaofhc.org.br\/wp-content\/uploads\/2024\/08\/proteccion.jpg\" \/>\n\t<meta property=\"og:image:width\" content=\"1024\" \/>\n\t<meta property=\"og:image:height\" content=\"670\" \/>\n\t<meta property=\"og:image:type\" content=\"image\/jpeg\" \/>\n<meta name=\"twitter:card\" content=\"summary_large_image\" \/>\n<meta name=\"twitter:label1\" content=\"Tiempo de lectura\" \/>\n\t<meta name=\"twitter:data1\" content=\"1 minuto\" \/>\n<script type=\"application\/ld+json\" class=\"yoast-schema-graph\">{\"@context\":\"https:\/\/schema.org\",\"@graph\":[{\"@type\":\"WebPage\",\"@id\":\"https:\/\/fundacaofhc.org.br\/es\/publicacao\/proteccion-social-en-honduras-el-papel-de-los-programas-de-transferencias-condicionadas-praf-i-ii-y-iii\/\",\"url\":\"https:\/\/fundacaofhc.org.br\/es\/publicacao\/proteccion-social-en-honduras-el-papel-de-los-programas-de-transferencias-condicionadas-praf-i-ii-y-iii\/\",\"name\":\"Protecci\u00f3n Social en Honduras: El Papel de los Programas de Transferencias Condicionadas: PRAF I, II y III | Funda\u00e7\u00e3o FHC\",\"isPartOf\":{\"@id\":\"https:\/\/fundacaofhc.org.br\/es\/#website\"},\"primaryImageOfPage\":{\"@id\":\"https:\/\/fundacaofhc.org.br\/es\/publicacao\/proteccion-social-en-honduras-el-papel-de-los-programas-de-transferencias-condicionadas-praf-i-ii-y-iii\/#primaryimage\"},\"image\":{\"@id\":\"https:\/\/fundacaofhc.org.br\/es\/publicacao\/proteccion-social-en-honduras-el-papel-de-los-programas-de-transferencias-condicionadas-praf-i-ii-y-iii\/#primaryimage\"},\"thumbnailUrl\":\"https:\/\/fundacaofhc.org.br\/wp-content\/uploads\/2024\/08\/proteccion.jpg\",\"datePublished\":\"2008-09-11T14:11:00+00:00\",\"dateModified\":\"2024-08-23T14:15:51+00:00\",\"breadcrumb\":{\"@id\":\"https:\/\/fundacaofhc.org.br\/es\/publicacao\/proteccion-social-en-honduras-el-papel-de-los-programas-de-transferencias-condicionadas-praf-i-ii-y-iii\/#breadcrumb\"},\"inLanguage\":\"es\",\"potentialAction\":[{\"@type\":\"ReadAction\",\"target\":[\"https:\/\/fundacaofhc.org.br\/es\/publicacao\/proteccion-social-en-honduras-el-papel-de-los-programas-de-transferencias-condicionadas-praf-i-ii-y-iii\/\"]}]},{\"@type\":\"ImageObject\",\"inLanguage\":\"es\",\"@id\":\"https:\/\/fundacaofhc.org.br\/es\/publicacao\/proteccion-social-en-honduras-el-papel-de-los-programas-de-transferencias-condicionadas-praf-i-ii-y-iii\/#primaryimage\",\"url\":\"https:\/\/fundacaofhc.org.br\/wp-content\/uploads\/2024\/08\/proteccion.jpg\",\"contentUrl\":\"https:\/\/fundacaofhc.org.br\/wp-content\/uploads\/2024\/08\/proteccion.jpg\",\"width\":1024,\"height\":670},{\"@type\":\"BreadcrumbList\",\"@id\":\"https:\/\/fundacaofhc.org.br\/es\/publicacao\/proteccion-social-en-honduras-el-papel-de-los-programas-de-transferencias-condicionadas-praf-i-ii-y-iii\/#breadcrumb\",\"itemListElement\":[{\"@type\":\"ListItem\",\"position\":1,\"name\":\"Home\",\"item\":\"https:\/\/fundacaofhc.org.br\/es\/\"},{\"@type\":\"ListItem\",\"position\":2,\"name\":\"Protecci\u00f3n Social en Honduras: El Papel de los Programas de Transferencias Condicionadas: PRAF I, II y III\"}]},{\"@type\":\"WebSite\",\"@id\":\"https:\/\/fundacaofhc.org.br\/es\/#website\",\"url\":\"https:\/\/fundacaofhc.org.br\/es\/\",\"name\":\"Funda\u00e7\u00e3o FHC\",\"description\":\"Um lugar de debates sobre democracia e desenvolvimento\",\"publisher\":{\"@id\":\"https:\/\/fundacaofhc.org.br\/es\/#organization\"},\"potentialAction\":[{\"@type\":\"SearchAction\",\"target\":{\"@type\":\"EntryPoint\",\"urlTemplate\":\"https:\/\/fundacaofhc.org.br\/es\/?s={search_term_string}\"},\"query-input\":{\"@type\":\"PropertyValueSpecification\",\"valueRequired\":true,\"valueName\":\"search_term_string\"}}],\"inLanguage\":\"es\"},{\"@type\":\"Organization\",\"@id\":\"https:\/\/fundacaofhc.org.br\/es\/#organization\",\"name\":\"Funda\u00e7\u00e3o Fernando Henrique Cardoso\",\"alternateName\":\"Funda\u00e7\u00e3o FHC\",\"url\":\"https:\/\/fundacaofhc.org.br\/es\/\",\"logo\":{\"@type\":\"ImageObject\",\"inLanguage\":\"es\",\"@id\":\"https:\/\/fundacaofhc.org.br\/es\/#\/schema\/logo\/image\/\",\"url\":\"https:\/\/fundacaofhc.org.br\/wp-content\/uploads\/2024\/05\/favicon.png\",\"contentUrl\":\"https:\/\/fundacaofhc.org.br\/wp-content\/uploads\/2024\/05\/favicon.png\",\"width\":512,\"height\":512,\"caption\":\"Funda\u00e7\u00e3o Fernando Henrique Cardoso\"},\"image\":{\"@id\":\"https:\/\/fundacaofhc.org.br\/es\/#\/schema\/logo\/image\/\"},\"sameAs\":[\"https:\/\/www.facebook.com\/fundacaoFHC\/\",\"https:\/\/www.linkedin.com\/company\/fundao-instituto-fernando-henrique-cardoso\",\"https:\/\/www.instagram.com\/fundacaofhc\/\",\"https:\/\/twitter.com\/fundacaofhc\",\"https:\/\/www.youtube.com\/FundacaoInstitutoFHC\"]}]}<\/script>\n<!-- \/ Yoast SEO plugin. -->","yoast_head_json":{"title":"Protecci\u00f3n Social en Honduras: El Papel de los Programas de Transferencias Condicionadas: PRAF I, II y III | Funda\u00e7\u00e3o FHC","robots":{"index":"index","follow":"follow","max-snippet":"max-snippet:-1","max-image-preview":"max-image-preview:large","max-video-preview":"max-video-preview:-1"},"canonical":"https:\/\/fundacaofhc.org.br\/es\/publicacao\/proteccion-social-en-honduras-el-papel-de-los-programas-de-transferencias-condicionadas-praf-i-ii-y-iii\/","og_locale":"es_ES","og_type":"article","og_title":"Protecci\u00f3n Social en Honduras: El Papel de los Programas de Transferencias Condicionadas: PRAF I, II y III | Funda\u00e7\u00e3o FHC","og_description":"Este trabajo revisa la experiencia de Honduras en el campo social y se plantea la posibilidad de realizar avances hacia la constituci\u00f3n de un sistema nacional de protecci\u00f3n social, y del papel que en \u00e9l puede cumplir un programa de transferencias condicionadas (PTC).","og_url":"https:\/\/fundacaofhc.org.br\/es\/publicacao\/proteccion-social-en-honduras-el-papel-de-los-programas-de-transferencias-condicionadas-praf-i-ii-y-iii\/","og_site_name":"Funda\u00e7\u00e3o FHC","article_publisher":"https:\/\/www.facebook.com\/fundacaoFHC\/","article_modified_time":"2024-08-23T14:15:51+00:00","og_image":[{"width":1024,"height":670,"url":"https:\/\/fundacaofhc.org.br\/wp-content\/uploads\/2024\/08\/proteccion.jpg","type":"image\/jpeg"}],"twitter_card":"summary_large_image","twitter_misc":{"Tiempo de lectura":"1 minuto"},"schema":{"@context":"https:\/\/schema.org","@graph":[{"@type":"WebPage","@id":"https:\/\/fundacaofhc.org.br\/es\/publicacao\/proteccion-social-en-honduras-el-papel-de-los-programas-de-transferencias-condicionadas-praf-i-ii-y-iii\/","url":"https:\/\/fundacaofhc.org.br\/es\/publicacao\/proteccion-social-en-honduras-el-papel-de-los-programas-de-transferencias-condicionadas-praf-i-ii-y-iii\/","name":"Protecci\u00f3n Social en Honduras: El Papel de los Programas de Transferencias Condicionadas: PRAF I, II y III | Funda\u00e7\u00e3o FHC","isPartOf":{"@id":"https:\/\/fundacaofhc.org.br\/es\/#website"},"primaryImageOfPage":{"@id":"https:\/\/fundacaofhc.org.br\/es\/publicacao\/proteccion-social-en-honduras-el-papel-de-los-programas-de-transferencias-condicionadas-praf-i-ii-y-iii\/#primaryimage"},"image":{"@id":"https:\/\/fundacaofhc.org.br\/es\/publicacao\/proteccion-social-en-honduras-el-papel-de-los-programas-de-transferencias-condicionadas-praf-i-ii-y-iii\/#primaryimage"},"thumbnailUrl":"https:\/\/fundacaofhc.org.br\/wp-content\/uploads\/2024\/08\/proteccion.jpg","datePublished":"2008-09-11T14:11:00+00:00","dateModified":"2024-08-23T14:15:51+00:00","breadcrumb":{"@id":"https:\/\/fundacaofhc.org.br\/es\/publicacao\/proteccion-social-en-honduras-el-papel-de-los-programas-de-transferencias-condicionadas-praf-i-ii-y-iii\/#breadcrumb"},"inLanguage":"es","potentialAction":[{"@type":"ReadAction","target":["https:\/\/fundacaofhc.org.br\/es\/publicacao\/proteccion-social-en-honduras-el-papel-de-los-programas-de-transferencias-condicionadas-praf-i-ii-y-iii\/"]}]},{"@type":"ImageObject","inLanguage":"es","@id":"https:\/\/fundacaofhc.org.br\/es\/publicacao\/proteccion-social-en-honduras-el-papel-de-los-programas-de-transferencias-condicionadas-praf-i-ii-y-iii\/#primaryimage","url":"https:\/\/fundacaofhc.org.br\/wp-content\/uploads\/2024\/08\/proteccion.jpg","contentUrl":"https:\/\/fundacaofhc.org.br\/wp-content\/uploads\/2024\/08\/proteccion.jpg","width":1024,"height":670},{"@type":"BreadcrumbList","@id":"https:\/\/fundacaofhc.org.br\/es\/publicacao\/proteccion-social-en-honduras-el-papel-de-los-programas-de-transferencias-condicionadas-praf-i-ii-y-iii\/#breadcrumb","itemListElement":[{"@type":"ListItem","position":1,"name":"Home","item":"https:\/\/fundacaofhc.org.br\/es\/"},{"@type":"ListItem","position":2,"name":"Protecci\u00f3n Social en Honduras: El Papel de los Programas de Transferencias Condicionadas: PRAF I, II y III"}]},{"@type":"WebSite","@id":"https:\/\/fundacaofhc.org.br\/es\/#website","url":"https:\/\/fundacaofhc.org.br\/es\/","name":"Funda\u00e7\u00e3o FHC","description":"Um lugar de debates sobre democracia e desenvolvimento","publisher":{"@id":"https:\/\/fundacaofhc.org.br\/es\/#organization"},"potentialAction":[{"@type":"SearchAction","target":{"@type":"EntryPoint","urlTemplate":"https:\/\/fundacaofhc.org.br\/es\/?s={search_term_string}"},"query-input":{"@type":"PropertyValueSpecification","valueRequired":true,"valueName":"search_term_string"}}],"inLanguage":"es"},{"@type":"Organization","@id":"https:\/\/fundacaofhc.org.br\/es\/#organization","name":"Funda\u00e7\u00e3o Fernando Henrique Cardoso","alternateName":"Funda\u00e7\u00e3o FHC","url":"https:\/\/fundacaofhc.org.br\/es\/","logo":{"@type":"ImageObject","inLanguage":"es","@id":"https:\/\/fundacaofhc.org.br\/es\/#\/schema\/logo\/image\/","url":"https:\/\/fundacaofhc.org.br\/wp-content\/uploads\/2024\/05\/favicon.png","contentUrl":"https:\/\/fundacaofhc.org.br\/wp-content\/uploads\/2024\/05\/favicon.png","width":512,"height":512,"caption":"Funda\u00e7\u00e3o Fernando Henrique Cardoso"},"image":{"@id":"https:\/\/fundacaofhc.org.br\/es\/#\/schema\/logo\/image\/"},"sameAs":["https:\/\/www.facebook.com\/fundacaoFHC\/","https:\/\/www.linkedin.com\/company\/fundao-instituto-fernando-henrique-cardoso","https:\/\/www.instagram.com\/fundacaofhc\/","https:\/\/twitter.com\/fundacaofhc","https:\/\/www.youtube.com\/FundacaoInstitutoFHC"]}]}},"_links":{"self":[{"href":"https:\/\/fundacaofhc.org.br\/es\/wp-json\/wp\/v2\/publicacao\/18892","targetHints":{"allow":["GET"]}}],"collection":[{"href":"https:\/\/fundacaofhc.org.br\/es\/wp-json\/wp\/v2\/publicacao"}],"about":[{"href":"https:\/\/fundacaofhc.org.br\/es\/wp-json\/wp\/v2\/types\/publicacao"}],"author":[{"embeddable":true,"href":"https:\/\/fundacaofhc.org.br\/es\/wp-json\/wp\/v2\/users\/5"}],"version-history":[{"count":0,"href":"https:\/\/fundacaofhc.org.br\/es\/wp-json\/wp\/v2\/publicacao\/18892\/revisions"}],"wp:featuredmedia":[{"embeddable":true,"href":"https:\/\/fundacaofhc.org.br\/es\/wp-json\/wp\/v2\/media\/18893"}],"wp:attachment":[{"href":"https:\/\/fundacaofhc.org.br\/es\/wp-json\/wp\/v2\/media?parent=18892"}],"wp:term":[{"taxonomy":"post_tag","embeddable":true,"href":"https:\/\/fundacaofhc.org.br\/es\/wp-json\/wp\/v2\/tags?post=18892"},{"taxonomy":"autor-publicacao","embeddable":true,"href":"https:\/\/fundacaofhc.org.br\/es\/wp-json\/wp\/v2\/autor-publicacao?post=18892"},{"taxonomy":"colecao","embeddable":true,"href":"https:\/\/fundacaofhc.org.br\/es\/wp-json\/wp\/v2\/colecao?post=18892"},{"taxonomy":"idioma","embeddable":true,"href":"https:\/\/fundacaofhc.org.br\/es\/wp-json\/wp\/v2\/idioma?post=18892"},{"taxonomy":"plataforma-democratica","embeddable":true,"href":"https:\/\/fundacaofhc.org.br\/es\/wp-json\/wp\/v2\/plataforma-democratica?post=18892"},{"taxonomy":"tema","embeddable":true,"href":"https:\/\/fundacaofhc.org.br\/es\/wp-json\/wp\/v2\/tema?post=18892"}],"curies":[{"name":"wp","href":"https:\/\/api.w.org\/{rel}","templated":true}]}}