{"id":18841,"date":"2011-07-31T10:09:00","date_gmt":"2011-07-31T13:09:00","guid":{"rendered":"https:\/\/fundacaofhc.org.br\/?post_type=publicacao&#038;p=18841"},"modified":"2024-08-23T10:12:36","modified_gmt":"2024-08-23T13:12:36","slug":"la-libertad-de-expresion-en-el-laberinto-democratico-de-america-latina","status":"publish","type":"publicacao","link":"https:\/\/fundacaofhc.org.br\/es\/publicacao\/la-libertad-de-expresion-en-el-laberinto-democratico-de-america-latina\/","title":{"rendered":"La libertad de expresi\u00f3n en el laberinto democr\u00e1tico de Am\u00e9rica Latina"},"content":{"rendered":"\n<p>El dilema de Am\u00e9rica Latina hoy es el que se da a la hora de abordar la idea esencial de la democracia y de lo democr\u00e1tico.&nbsp;<\/p>\n\n\n\n<p>Por una parte, est\u00e1n quienes sostienen que de lo que se trata es de definir lo democr\u00e1tico como el ejercicio libre de votar peri\u00f3dicamente. La ciudadan\u00eda en tanto, cada uno de nosotros, tiene el derecho de votar y elegir a aquellos que queremos que nos representen en la administraci\u00f3n del poder.<\/p>\n\n\n\n<p>Por la otra, aquellos que afirman que esa visi\u00f3n es insuficiente y que responde al viejo y superado liberalismo pol\u00edtico. La legitimaci\u00f3n de lo democr\u00e1tico s\u00f3lo a partir del voto es insuficiente, casi una forma mutilada y falsa de democracia. Hay que a\u00f1adir a esa caracter\u00edstica la participaci\u00f3n. El pueblo movilizado, la democracia de la calle, la deliberaci\u00f3n cotidiana, la \u201cfuerza de lo plebeyo\u201d que dir\u00eda alg\u00fan te\u00f3rico neomarxista. La participaci\u00f3n, dicen, est\u00e1 m\u00e1s all\u00e1 del poder constituyente y de instituciones, como la iniciativa popular legislativa o el referendo. La democracia plebiscitaria es una expresi\u00f3n de una forma de gobierno en la que se produce una relaci\u00f3n directa entre el l\u00edder que representa lo democr\u00e1tico popular y la gente.<\/p>\n\n\n\n<p>Ambas posturas expresan caminos que podr\u00edan definirse como la nostalgia por un pasado elitista congelado, en un caso; y el celof\u00e1n democr\u00e1tico, sustituido por la combinaci\u00f3n letal entre el poder concentrado en el l\u00edder y el corporativismo como forma pol\u00edtica de construcci\u00f3n de la trama social, en el otro.<\/p>\n\n\n<div class=\"wp-block-image\">\n<figure class=\"aligncenter size-large is-resized\"><img loading=\"lazy\" decoding=\"async\" width=\"716\" height=\"1024\" src=\"https:\/\/fundacaofhc.org.br\/wp-content\/uploads\/2024\/08\/Captura-de-Tela-2024-08-23-a\u0300s-10.08.31-716x1024.png\" alt=\"\" class=\"wp-image-18842\" style=\"width:311px;height:auto\" srcset=\"https:\/\/fundacaofhc.org.br\/wp-content\/uploads\/2024\/08\/Captura-de-Tela-2024-08-23-a\u0300s-10.08.31-716x1024.png 716w, https:\/\/fundacaofhc.org.br\/wp-content\/uploads\/2024\/08\/Captura-de-Tela-2024-08-23-a\u0300s-10.08.31-210x300.png 210w, https:\/\/fundacaofhc.org.br\/wp-content\/uploads\/2024\/08\/Captura-de-Tela-2024-08-23-a\u0300s-10.08.31-768x1098.png 768w, https:\/\/fundacaofhc.org.br\/wp-content\/uploads\/2024\/08\/Captura-de-Tela-2024-08-23-a\u0300s-10.08.31.png 778w\" sizes=\"auto, (max-width: 716px) 100vw, 716px\" \/><\/figure>\n<\/div>\n\n\n\n<a href=\"https:\/\/www.plataformademocratica.org\/arquivos\/Plataforma_Democratica_Working_Paper_28_2011_Espanhol.pdf\" target=\"_blank\" class=\"btn btn-acao -download mb-5\" >DESCARGAR GRATIS<\/a>","protected":false},"excerpt":{"rendered":"<p>Art\u00edculo de Carlos D. Mesa Gisbert, historiador, periodista y pol\u00edtico.<\/p>\n","protected":false},"author":5,"featured_media":18845,"template":"","tags":[560,562,641],"autor-publicacao":[],"colecao":[],"idioma":[495],"plataforma-democratica":[508,510],"tema":[472],"class_list":["post-18841","publicacao","type-publicacao","status-publish","has-post-thumbnail","hentry","tag-democracia-2","tag-america-latina-2","tag-libertad-de-expresion","idioma-espanol","plataforma-democratica-plataforma-democratica-es","plataforma-democratica-documento-de-trabajo","tema-crisis-y-actualizacion-de-la-democracia"],"acf":[],"yoast_head":"<!-- This site is optimized with the Yoast SEO plugin v27.2 - https:\/\/yoast.com\/product\/yoast-seo-wordpress\/ -->\n<title>La libertad de expresi\u00f3n en el laberinto democr\u00e1tico de Am\u00e9rica Latina | Funda\u00e7\u00e3o FHC<\/title>\n<meta name=\"robots\" content=\"index, follow, max-snippet:-1, max-image-preview:large, max-video-preview:-1\" \/>\n<link rel=\"canonical\" href=\"https:\/\/fundacaofhc.org.br\/es\/publicacao\/la-libertad-de-expresion-en-el-laberinto-democratico-de-america-latina\/\" \/>\n<meta property=\"og:locale\" content=\"es_ES\" \/>\n<meta property=\"og:type\" content=\"article\" \/>\n<meta property=\"og:title\" content=\"La libertad de expresi\u00f3n en el laberinto democr\u00e1tico de Am\u00e9rica Latina | Funda\u00e7\u00e3o FHC\" \/>\n<meta property=\"og:description\" content=\"Art\u00edculo de Carlos D. Mesa Gisbert, historiador, periodista y pol\u00edtico.\" \/>\n<meta property=\"og:url\" content=\"https:\/\/fundacaofhc.org.br\/es\/publicacao\/la-libertad-de-expresion-en-el-laberinto-democratico-de-america-latina\/\" \/>\n<meta property=\"og:site_name\" content=\"Funda\u00e7\u00e3o FHC\" \/>\n<meta property=\"article:publisher\" content=\"https:\/\/www.facebook.com\/fundacaoFHC\/\" \/>\n<meta property=\"article:modified_time\" content=\"2024-08-23T13:12:36+00:00\" \/>\n<meta property=\"og:image\" content=\"https:\/\/fundacaofhc.org.br\/wp-content\/uploads\/2024\/08\/lalibertad.jpg\" \/>\n\t<meta property=\"og:image:width\" content=\"1024\" \/>\n\t<meta property=\"og:image:height\" content=\"670\" \/>\n\t<meta property=\"og:image:type\" content=\"image\/jpeg\" \/>\n<meta name=\"twitter:card\" content=\"summary_large_image\" \/>\n<meta name=\"twitter:label1\" content=\"Tiempo de lectura\" \/>\n\t<meta name=\"twitter:data1\" content=\"2 minutos\" \/>\n<script type=\"application\/ld+json\" class=\"yoast-schema-graph\">{\"@context\":\"https:\/\/schema.org\",\"@graph\":[{\"@type\":\"WebPage\",\"@id\":\"https:\/\/fundacaofhc.org.br\/es\/publicacao\/la-libertad-de-expresion-en-el-laberinto-democratico-de-america-latina\/\",\"url\":\"https:\/\/fundacaofhc.org.br\/es\/publicacao\/la-libertad-de-expresion-en-el-laberinto-democratico-de-america-latina\/\",\"name\":\"La libertad de expresi\u00f3n en el laberinto democr\u00e1tico de Am\u00e9rica Latina | Funda\u00e7\u00e3o FHC\",\"isPartOf\":{\"@id\":\"https:\/\/fundacaofhc.org.br\/es\/#website\"},\"primaryImageOfPage\":{\"@id\":\"https:\/\/fundacaofhc.org.br\/es\/publicacao\/la-libertad-de-expresion-en-el-laberinto-democratico-de-america-latina\/#primaryimage\"},\"image\":{\"@id\":\"https:\/\/fundacaofhc.org.br\/es\/publicacao\/la-libertad-de-expresion-en-el-laberinto-democratico-de-america-latina\/#primaryimage\"},\"thumbnailUrl\":\"https:\/\/fundacaofhc.org.br\/wp-content\/uploads\/2024\/08\/lalibertad.jpg\",\"datePublished\":\"2011-07-31T13:09:00+00:00\",\"dateModified\":\"2024-08-23T13:12:36+00:00\",\"breadcrumb\":{\"@id\":\"https:\/\/fundacaofhc.org.br\/es\/publicacao\/la-libertad-de-expresion-en-el-laberinto-democratico-de-america-latina\/#breadcrumb\"},\"inLanguage\":\"es\",\"potentialAction\":[{\"@type\":\"ReadAction\",\"target\":[\"https:\/\/fundacaofhc.org.br\/es\/publicacao\/la-libertad-de-expresion-en-el-laberinto-democratico-de-america-latina\/\"]}]},{\"@type\":\"ImageObject\",\"inLanguage\":\"es\",\"@id\":\"https:\/\/fundacaofhc.org.br\/es\/publicacao\/la-libertad-de-expresion-en-el-laberinto-democratico-de-america-latina\/#primaryimage\",\"url\":\"https:\/\/fundacaofhc.org.br\/wp-content\/uploads\/2024\/08\/lalibertad.jpg\",\"contentUrl\":\"https:\/\/fundacaofhc.org.br\/wp-content\/uploads\/2024\/08\/lalibertad.jpg\",\"width\":1024,\"height\":670},{\"@type\":\"BreadcrumbList\",\"@id\":\"https:\/\/fundacaofhc.org.br\/es\/publicacao\/la-libertad-de-expresion-en-el-laberinto-democratico-de-america-latina\/#breadcrumb\",\"itemListElement\":[{\"@type\":\"ListItem\",\"position\":1,\"name\":\"Home\",\"item\":\"https:\/\/fundacaofhc.org.br\/es\/\"},{\"@type\":\"ListItem\",\"position\":2,\"name\":\"La libertad de expresi\u00f3n en el laberinto democr\u00e1tico de Am\u00e9rica Latina\"}]},{\"@type\":\"WebSite\",\"@id\":\"https:\/\/fundacaofhc.org.br\/es\/#website\",\"url\":\"https:\/\/fundacaofhc.org.br\/es\/\",\"name\":\"Funda\u00e7\u00e3o FHC\",\"description\":\"Um lugar de debates sobre democracia e desenvolvimento\",\"publisher\":{\"@id\":\"https:\/\/fundacaofhc.org.br\/es\/#organization\"},\"potentialAction\":[{\"@type\":\"SearchAction\",\"target\":{\"@type\":\"EntryPoint\",\"urlTemplate\":\"https:\/\/fundacaofhc.org.br\/es\/?s={search_term_string}\"},\"query-input\":{\"@type\":\"PropertyValueSpecification\",\"valueRequired\":true,\"valueName\":\"search_term_string\"}}],\"inLanguage\":\"es\"},{\"@type\":\"Organization\",\"@id\":\"https:\/\/fundacaofhc.org.br\/es\/#organization\",\"name\":\"Funda\u00e7\u00e3o Fernando Henrique Cardoso\",\"alternateName\":\"Funda\u00e7\u00e3o FHC\",\"url\":\"https:\/\/fundacaofhc.org.br\/es\/\",\"logo\":{\"@type\":\"ImageObject\",\"inLanguage\":\"es\",\"@id\":\"https:\/\/fundacaofhc.org.br\/es\/#\/schema\/logo\/image\/\",\"url\":\"https:\/\/fundacaofhc.org.br\/wp-content\/uploads\/2024\/05\/favicon.png\",\"contentUrl\":\"https:\/\/fundacaofhc.org.br\/wp-content\/uploads\/2024\/05\/favicon.png\",\"width\":512,\"height\":512,\"caption\":\"Funda\u00e7\u00e3o Fernando Henrique Cardoso\"},\"image\":{\"@id\":\"https:\/\/fundacaofhc.org.br\/es\/#\/schema\/logo\/image\/\"},\"sameAs\":[\"https:\/\/www.facebook.com\/fundacaoFHC\/\",\"https:\/\/www.linkedin.com\/company\/fundao-instituto-fernando-henrique-cardoso\",\"https:\/\/www.instagram.com\/fundacaofhc\/\",\"https:\/\/twitter.com\/fundacaofhc\",\"https:\/\/www.youtube.com\/FundacaoInstitutoFHC\"]}]}<\/script>\n<!-- \/ Yoast SEO plugin. -->","yoast_head_json":{"title":"La libertad de expresi\u00f3n en el laberinto democr\u00e1tico de Am\u00e9rica Latina | Funda\u00e7\u00e3o FHC","robots":{"index":"index","follow":"follow","max-snippet":"max-snippet:-1","max-image-preview":"max-image-preview:large","max-video-preview":"max-video-preview:-1"},"canonical":"https:\/\/fundacaofhc.org.br\/es\/publicacao\/la-libertad-de-expresion-en-el-laberinto-democratico-de-america-latina\/","og_locale":"es_ES","og_type":"article","og_title":"La libertad de expresi\u00f3n en el laberinto democr\u00e1tico de Am\u00e9rica Latina | Funda\u00e7\u00e3o FHC","og_description":"Art\u00edculo de Carlos D. Mesa Gisbert, historiador, periodista y pol\u00edtico.","og_url":"https:\/\/fundacaofhc.org.br\/es\/publicacao\/la-libertad-de-expresion-en-el-laberinto-democratico-de-america-latina\/","og_site_name":"Funda\u00e7\u00e3o FHC","article_publisher":"https:\/\/www.facebook.com\/fundacaoFHC\/","article_modified_time":"2024-08-23T13:12:36+00:00","og_image":[{"width":1024,"height":670,"url":"https:\/\/fundacaofhc.org.br\/wp-content\/uploads\/2024\/08\/lalibertad.jpg","type":"image\/jpeg"}],"twitter_card":"summary_large_image","twitter_misc":{"Tiempo de lectura":"2 minutos"},"schema":{"@context":"https:\/\/schema.org","@graph":[{"@type":"WebPage","@id":"https:\/\/fundacaofhc.org.br\/es\/publicacao\/la-libertad-de-expresion-en-el-laberinto-democratico-de-america-latina\/","url":"https:\/\/fundacaofhc.org.br\/es\/publicacao\/la-libertad-de-expresion-en-el-laberinto-democratico-de-america-latina\/","name":"La libertad de expresi\u00f3n en el laberinto democr\u00e1tico de Am\u00e9rica Latina | Funda\u00e7\u00e3o FHC","isPartOf":{"@id":"https:\/\/fundacaofhc.org.br\/es\/#website"},"primaryImageOfPage":{"@id":"https:\/\/fundacaofhc.org.br\/es\/publicacao\/la-libertad-de-expresion-en-el-laberinto-democratico-de-america-latina\/#primaryimage"},"image":{"@id":"https:\/\/fundacaofhc.org.br\/es\/publicacao\/la-libertad-de-expresion-en-el-laberinto-democratico-de-america-latina\/#primaryimage"},"thumbnailUrl":"https:\/\/fundacaofhc.org.br\/wp-content\/uploads\/2024\/08\/lalibertad.jpg","datePublished":"2011-07-31T13:09:00+00:00","dateModified":"2024-08-23T13:12:36+00:00","breadcrumb":{"@id":"https:\/\/fundacaofhc.org.br\/es\/publicacao\/la-libertad-de-expresion-en-el-laberinto-democratico-de-america-latina\/#breadcrumb"},"inLanguage":"es","potentialAction":[{"@type":"ReadAction","target":["https:\/\/fundacaofhc.org.br\/es\/publicacao\/la-libertad-de-expresion-en-el-laberinto-democratico-de-america-latina\/"]}]},{"@type":"ImageObject","inLanguage":"es","@id":"https:\/\/fundacaofhc.org.br\/es\/publicacao\/la-libertad-de-expresion-en-el-laberinto-democratico-de-america-latina\/#primaryimage","url":"https:\/\/fundacaofhc.org.br\/wp-content\/uploads\/2024\/08\/lalibertad.jpg","contentUrl":"https:\/\/fundacaofhc.org.br\/wp-content\/uploads\/2024\/08\/lalibertad.jpg","width":1024,"height":670},{"@type":"BreadcrumbList","@id":"https:\/\/fundacaofhc.org.br\/es\/publicacao\/la-libertad-de-expresion-en-el-laberinto-democratico-de-america-latina\/#breadcrumb","itemListElement":[{"@type":"ListItem","position":1,"name":"Home","item":"https:\/\/fundacaofhc.org.br\/es\/"},{"@type":"ListItem","position":2,"name":"La libertad de expresi\u00f3n en el laberinto democr\u00e1tico de Am\u00e9rica Latina"}]},{"@type":"WebSite","@id":"https:\/\/fundacaofhc.org.br\/es\/#website","url":"https:\/\/fundacaofhc.org.br\/es\/","name":"Funda\u00e7\u00e3o FHC","description":"Um lugar de debates sobre democracia e desenvolvimento","publisher":{"@id":"https:\/\/fundacaofhc.org.br\/es\/#organization"},"potentialAction":[{"@type":"SearchAction","target":{"@type":"EntryPoint","urlTemplate":"https:\/\/fundacaofhc.org.br\/es\/?s={search_term_string}"},"query-input":{"@type":"PropertyValueSpecification","valueRequired":true,"valueName":"search_term_string"}}],"inLanguage":"es"},{"@type":"Organization","@id":"https:\/\/fundacaofhc.org.br\/es\/#organization","name":"Funda\u00e7\u00e3o Fernando Henrique Cardoso","alternateName":"Funda\u00e7\u00e3o FHC","url":"https:\/\/fundacaofhc.org.br\/es\/","logo":{"@type":"ImageObject","inLanguage":"es","@id":"https:\/\/fundacaofhc.org.br\/es\/#\/schema\/logo\/image\/","url":"https:\/\/fundacaofhc.org.br\/wp-content\/uploads\/2024\/05\/favicon.png","contentUrl":"https:\/\/fundacaofhc.org.br\/wp-content\/uploads\/2024\/05\/favicon.png","width":512,"height":512,"caption":"Funda\u00e7\u00e3o Fernando Henrique Cardoso"},"image":{"@id":"https:\/\/fundacaofhc.org.br\/es\/#\/schema\/logo\/image\/"},"sameAs":["https:\/\/www.facebook.com\/fundacaoFHC\/","https:\/\/www.linkedin.com\/company\/fundao-instituto-fernando-henrique-cardoso","https:\/\/www.instagram.com\/fundacaofhc\/","https:\/\/twitter.com\/fundacaofhc","https:\/\/www.youtube.com\/FundacaoInstitutoFHC"]}]}},"_links":{"self":[{"href":"https:\/\/fundacaofhc.org.br\/es\/wp-json\/wp\/v2\/publicacao\/18841","targetHints":{"allow":["GET"]}}],"collection":[{"href":"https:\/\/fundacaofhc.org.br\/es\/wp-json\/wp\/v2\/publicacao"}],"about":[{"href":"https:\/\/fundacaofhc.org.br\/es\/wp-json\/wp\/v2\/types\/publicacao"}],"author":[{"embeddable":true,"href":"https:\/\/fundacaofhc.org.br\/es\/wp-json\/wp\/v2\/users\/5"}],"version-history":[{"count":0,"href":"https:\/\/fundacaofhc.org.br\/es\/wp-json\/wp\/v2\/publicacao\/18841\/revisions"}],"wp:featuredmedia":[{"embeddable":true,"href":"https:\/\/fundacaofhc.org.br\/es\/wp-json\/wp\/v2\/media\/18845"}],"wp:attachment":[{"href":"https:\/\/fundacaofhc.org.br\/es\/wp-json\/wp\/v2\/media?parent=18841"}],"wp:term":[{"taxonomy":"post_tag","embeddable":true,"href":"https:\/\/fundacaofhc.org.br\/es\/wp-json\/wp\/v2\/tags?post=18841"},{"taxonomy":"autor-publicacao","embeddable":true,"href":"https:\/\/fundacaofhc.org.br\/es\/wp-json\/wp\/v2\/autor-publicacao?post=18841"},{"taxonomy":"colecao","embeddable":true,"href":"https:\/\/fundacaofhc.org.br\/es\/wp-json\/wp\/v2\/colecao?post=18841"},{"taxonomy":"idioma","embeddable":true,"href":"https:\/\/fundacaofhc.org.br\/es\/wp-json\/wp\/v2\/idioma?post=18841"},{"taxonomy":"plataforma-democratica","embeddable":true,"href":"https:\/\/fundacaofhc.org.br\/es\/wp-json\/wp\/v2\/plataforma-democratica?post=18841"},{"taxonomy":"tema","embeddable":true,"href":"https:\/\/fundacaofhc.org.br\/es\/wp-json\/wp\/v2\/tema?post=18841"}],"curies":[{"name":"wp","href":"https:\/\/api.w.org\/{rel}","templated":true}]}}