{"id":18705,"date":"2011-07-29T16:32:00","date_gmt":"2011-07-29T19:32:00","guid":{"rendered":"https:\/\/fundacaofhc.org.br\/?post_type=publicacao&#038;p=18705"},"modified":"2024-08-19T16:35:51","modified_gmt":"2024-08-19T19:35:51","slug":"percepciones-argentinas-de-brasil-ambivalencias-y-expectativas","status":"publish","type":"publicacao","link":"https:\/\/fundacaofhc.org.br\/es\/publicacao\/percepciones-argentinas-de-brasil-ambivalencias-y-expectativas\/","title":{"rendered":"Percepciones Argentinas de Brasil: ambivalencias y expectativas"},"content":{"rendered":"\n<p>Este ensayo presenta y analiza las diversas percepciones de las elites en Argentina<br>acerca de las relaciones del pa\u00eds con Brasil. Traza el recorrido de la mirada argentina<br>sobre el pa\u00eds vecino desde los noventa en adelante y se detiene muy especialmente en el<br>per\u00edodo que va de la crisis de 2001-02 hasta la actualidad. Asimismo, el tratamiento del<br>tema de las percepciones cubre las perspectivas de los actores gubernamentales y no<br>estatales, tanto respecto a la expansi\u00f3n de las empresas brasile\u00f1as en Argentina, como<br>en relaci\u00f3n al creciente peso de Brasil en la regi\u00f3n y su ascendente proyecci\u00f3n global.<br>En ese sentido, se destaca un significativo consenso nacional acerca del papel<br>fundamental de Brasil en las relaciones exteriores argentinas. Por lo anterior, y con una<br>perspectiva m\u00e1s amplia sobre la inserci\u00f3n internacional del pa\u00eds, se observa un nuevo<br>ciclo largo de visiones convergentes sobre el lugar de Brasil en la pol\u00edtica exterior de<br>Argentina; en este caso en clave de socio estrat\u00e9gico. Lo anterior, a su vez, se produce<br>en el contexto de una ampliaci\u00f3n gradual de la asimetr\u00eda entre los dos pa\u00edses.<\/p>\n\n\n\n<p>El texto recorre, en particular, lo que se denominan los tres momentos de las relaciones<br>bilaterales durante los dos gobiernos de N\u00e9stor Kirchner y Cristina Fern\u00e1ndez de<br>Kirchner. En la parte final, se subraya el hecho de que Brasil es cada vez m\u00e1s crucial<br>para Argentina. La centralidad alcanzada por Brasil y su reconocimiento por parte del<br>Estado y la sociedad argentina es un \u201cbuen piso\u201d desde el cual afianzar los v\u00ednculos<br>bilaterales. El tr\u00e1nsito de una arraigada cultura de rivalidad a una incipiente cultura de<br>amistad lleva m\u00e1s de un cuarto de siglo, ha brindado dividendos promisorios para<br>ambos y ofrece una buena plataforma desde la cual renegociar los crecientes lazos<br>binacionales. Hoy, en circunstancias cambiantes, las percepciones argentinas sobre<br>Brasil son m\u00e1s positivas que nunca y la \u201cinterdependencia asim\u00e9trica\u201d entre las dos<br>partes es una condici\u00f3n reconocida en Argentina, no desprovista de las suspicacias<br>naturales del m\u00e1s d\u00e9bil en una relaci\u00f3n bilateral. En este marco, el principal desaf\u00edo de<br>esta hora es forjar un \u201cnew deal\u201d realista y positivo entre ambos pa\u00edses.<\/p>\n\n\n<div class=\"wp-block-image\">\n<figure class=\"aligncenter size-large is-resized\"><img loading=\"lazy\" decoding=\"async\" width=\"714\" height=\"1024\" src=\"https:\/\/fundacaofhc.org.br\/wp-content\/uploads\/2024\/08\/Captura-de-Tela-2024-08-19-a\u0300s-16.30.11-714x1024.png\" alt=\"\" class=\"wp-image-18706\" style=\"width:310px;height:auto\" srcset=\"https:\/\/fundacaofhc.org.br\/wp-content\/uploads\/2024\/08\/Captura-de-Tela-2024-08-19-a\u0300s-16.30.11-714x1024.png 714w, https:\/\/fundacaofhc.org.br\/wp-content\/uploads\/2024\/08\/Captura-de-Tela-2024-08-19-a\u0300s-16.30.11-209x300.png 209w, https:\/\/fundacaofhc.org.br\/wp-content\/uploads\/2024\/08\/Captura-de-Tela-2024-08-19-a\u0300s-16.30.11-768x1101.png 768w, https:\/\/fundacaofhc.org.br\/wp-content\/uploads\/2024\/08\/Captura-de-Tela-2024-08-19-a\u0300s-16.30.11-1071x1536.png 1071w, https:\/\/fundacaofhc.org.br\/wp-content\/uploads\/2024\/08\/Captura-de-Tela-2024-08-19-a\u0300s-16.30.11.png 1166w\" sizes=\"auto, (max-width: 714px) 100vw, 714px\" \/><\/figure>\n<\/div>\n\n\n\n<a href=\"https:\/\/www.plataformademocratica.org\/arquivos\/Plataforma_Democratica_Working_Paper_19_2011_Espanhol.pdf\" target=\"_blank\" class=\"btn btn-acao -download mb-5\" >DESCARGAR GRATIS<\/a>","protected":false},"excerpt":{"rendered":"<p>El texto recorre, en particular, lo que se denominan los tres momentos de las relaciones bilaterales durante los dos gobiernos de N\u00e9stor Kirchner y Cristina Fern\u00e1ndez de Kirchner.<\/p>\n","protected":false},"author":5,"featured_media":18709,"template":"","tags":[562,566,634,635],"autor-publicacao":[],"colecao":[],"idioma":[495],"plataforma-democratica":[508,510],"tema":[472],"class_list":["post-18705","publicacao","type-publicacao","status-publish","has-post-thumbnail","hentry","tag-america-latina-2","tag-argentina-2","tag-brasil-2","tag-america-del-sur","idioma-espanol","plataforma-democratica-plataforma-democratica-es","plataforma-democratica-documento-de-trabajo","tema-crisis-y-actualizacion-de-la-democracia"],"acf":[],"yoast_head":"<!-- This site is optimized with the Yoast SEO plugin v27.2 - https:\/\/yoast.com\/product\/yoast-seo-wordpress\/ -->\n<title>Percepciones Argentinas de Brasil: ambivalencias y expectativas | Funda\u00e7\u00e3o FHC<\/title>\n<meta name=\"robots\" content=\"index, follow, max-snippet:-1, max-image-preview:large, max-video-preview:-1\" \/>\n<link rel=\"canonical\" href=\"https:\/\/fundacaofhc.org.br\/es\/publicacao\/percepciones-argentinas-de-brasil-ambivalencias-y-expectativas\/\" \/>\n<meta property=\"og:locale\" content=\"es_ES\" \/>\n<meta property=\"og:type\" content=\"article\" \/>\n<meta property=\"og:title\" content=\"Percepciones Argentinas de Brasil: ambivalencias y expectativas | Funda\u00e7\u00e3o FHC\" \/>\n<meta property=\"og:description\" content=\"El texto recorre, en particular, lo que se denominan los tres momentos de las relaciones bilaterales durante los dos gobiernos de N\u00e9stor Kirchner y Cristina Fern\u00e1ndez de Kirchner.\" \/>\n<meta property=\"og:url\" content=\"https:\/\/fundacaofhc.org.br\/es\/publicacao\/percepciones-argentinas-de-brasil-ambivalencias-y-expectativas\/\" \/>\n<meta property=\"og:site_name\" content=\"Funda\u00e7\u00e3o FHC\" \/>\n<meta property=\"article:publisher\" content=\"https:\/\/www.facebook.com\/fundacaoFHC\/\" \/>\n<meta property=\"article:modified_time\" content=\"2024-08-19T19:35:51+00:00\" \/>\n<meta property=\"og:image\" content=\"https:\/\/fundacaofhc.org.br\/wp-content\/uploads\/2024\/08\/argbra.jpg\" \/>\n\t<meta property=\"og:image:width\" content=\"2458\" \/>\n\t<meta property=\"og:image:height\" content=\"1608\" \/>\n\t<meta property=\"og:image:type\" content=\"image\/jpeg\" \/>\n<meta name=\"twitter:card\" content=\"summary_large_image\" \/>\n<meta name=\"twitter:label1\" content=\"Tiempo de lectura\" \/>\n\t<meta name=\"twitter:data1\" content=\"3 minutos\" \/>\n<script type=\"application\/ld+json\" class=\"yoast-schema-graph\">{\"@context\":\"https:\/\/schema.org\",\"@graph\":[{\"@type\":\"WebPage\",\"@id\":\"https:\/\/fundacaofhc.org.br\/es\/publicacao\/percepciones-argentinas-de-brasil-ambivalencias-y-expectativas\/\",\"url\":\"https:\/\/fundacaofhc.org.br\/es\/publicacao\/percepciones-argentinas-de-brasil-ambivalencias-y-expectativas\/\",\"name\":\"Percepciones Argentinas de Brasil: ambivalencias y expectativas | Funda\u00e7\u00e3o FHC\",\"isPartOf\":{\"@id\":\"https:\/\/fundacaofhc.org.br\/es\/#website\"},\"primaryImageOfPage\":{\"@id\":\"https:\/\/fundacaofhc.org.br\/es\/publicacao\/percepciones-argentinas-de-brasil-ambivalencias-y-expectativas\/#primaryimage\"},\"image\":{\"@id\":\"https:\/\/fundacaofhc.org.br\/es\/publicacao\/percepciones-argentinas-de-brasil-ambivalencias-y-expectativas\/#primaryimage\"},\"thumbnailUrl\":\"https:\/\/fundacaofhc.org.br\/wp-content\/uploads\/2024\/08\/argbra.jpg\",\"datePublished\":\"2011-07-29T19:32:00+00:00\",\"dateModified\":\"2024-08-19T19:35:51+00:00\",\"breadcrumb\":{\"@id\":\"https:\/\/fundacaofhc.org.br\/es\/publicacao\/percepciones-argentinas-de-brasil-ambivalencias-y-expectativas\/#breadcrumb\"},\"inLanguage\":\"es\",\"potentialAction\":[{\"@type\":\"ReadAction\",\"target\":[\"https:\/\/fundacaofhc.org.br\/es\/publicacao\/percepciones-argentinas-de-brasil-ambivalencias-y-expectativas\/\"]}]},{\"@type\":\"ImageObject\",\"inLanguage\":\"es\",\"@id\":\"https:\/\/fundacaofhc.org.br\/es\/publicacao\/percepciones-argentinas-de-brasil-ambivalencias-y-expectativas\/#primaryimage\",\"url\":\"https:\/\/fundacaofhc.org.br\/wp-content\/uploads\/2024\/08\/argbra.jpg\",\"contentUrl\":\"https:\/\/fundacaofhc.org.br\/wp-content\/uploads\/2024\/08\/argbra.jpg\",\"width\":2458,\"height\":1608,\"caption\":\"mockups-design.com\"},{\"@type\":\"BreadcrumbList\",\"@id\":\"https:\/\/fundacaofhc.org.br\/es\/publicacao\/percepciones-argentinas-de-brasil-ambivalencias-y-expectativas\/#breadcrumb\",\"itemListElement\":[{\"@type\":\"ListItem\",\"position\":1,\"name\":\"Home\",\"item\":\"https:\/\/fundacaofhc.org.br\/es\/\"},{\"@type\":\"ListItem\",\"position\":2,\"name\":\"Percepciones Argentinas de Brasil: ambivalencias y expectativas\"}]},{\"@type\":\"WebSite\",\"@id\":\"https:\/\/fundacaofhc.org.br\/es\/#website\",\"url\":\"https:\/\/fundacaofhc.org.br\/es\/\",\"name\":\"Funda\u00e7\u00e3o FHC\",\"description\":\"Um lugar de debates sobre democracia e desenvolvimento\",\"publisher\":{\"@id\":\"https:\/\/fundacaofhc.org.br\/es\/#organization\"},\"potentialAction\":[{\"@type\":\"SearchAction\",\"target\":{\"@type\":\"EntryPoint\",\"urlTemplate\":\"https:\/\/fundacaofhc.org.br\/es\/?s={search_term_string}\"},\"query-input\":{\"@type\":\"PropertyValueSpecification\",\"valueRequired\":true,\"valueName\":\"search_term_string\"}}],\"inLanguage\":\"es\"},{\"@type\":\"Organization\",\"@id\":\"https:\/\/fundacaofhc.org.br\/es\/#organization\",\"name\":\"Funda\u00e7\u00e3o Fernando Henrique Cardoso\",\"alternateName\":\"Funda\u00e7\u00e3o FHC\",\"url\":\"https:\/\/fundacaofhc.org.br\/es\/\",\"logo\":{\"@type\":\"ImageObject\",\"inLanguage\":\"es\",\"@id\":\"https:\/\/fundacaofhc.org.br\/es\/#\/schema\/logo\/image\/\",\"url\":\"https:\/\/fundacaofhc.org.br\/wp-content\/uploads\/2024\/05\/favicon.png\",\"contentUrl\":\"https:\/\/fundacaofhc.org.br\/wp-content\/uploads\/2024\/05\/favicon.png\",\"width\":512,\"height\":512,\"caption\":\"Funda\u00e7\u00e3o Fernando Henrique Cardoso\"},\"image\":{\"@id\":\"https:\/\/fundacaofhc.org.br\/es\/#\/schema\/logo\/image\/\"},\"sameAs\":[\"https:\/\/www.facebook.com\/fundacaoFHC\/\",\"https:\/\/www.linkedin.com\/company\/fundao-instituto-fernando-henrique-cardoso\",\"https:\/\/www.instagram.com\/fundacaofhc\/\",\"https:\/\/twitter.com\/fundacaofhc\",\"https:\/\/www.youtube.com\/FundacaoInstitutoFHC\"]}]}<\/script>\n<!-- \/ Yoast SEO plugin. -->","yoast_head_json":{"title":"Percepciones Argentinas de Brasil: ambivalencias y expectativas | Funda\u00e7\u00e3o FHC","robots":{"index":"index","follow":"follow","max-snippet":"max-snippet:-1","max-image-preview":"max-image-preview:large","max-video-preview":"max-video-preview:-1"},"canonical":"https:\/\/fundacaofhc.org.br\/es\/publicacao\/percepciones-argentinas-de-brasil-ambivalencias-y-expectativas\/","og_locale":"es_ES","og_type":"article","og_title":"Percepciones Argentinas de Brasil: ambivalencias y expectativas | Funda\u00e7\u00e3o FHC","og_description":"El texto recorre, en particular, lo que se denominan los tres momentos de las relaciones bilaterales durante los dos gobiernos de N\u00e9stor Kirchner y Cristina Fern\u00e1ndez de Kirchner.","og_url":"https:\/\/fundacaofhc.org.br\/es\/publicacao\/percepciones-argentinas-de-brasil-ambivalencias-y-expectativas\/","og_site_name":"Funda\u00e7\u00e3o FHC","article_publisher":"https:\/\/www.facebook.com\/fundacaoFHC\/","article_modified_time":"2024-08-19T19:35:51+00:00","og_image":[{"width":2458,"height":1608,"url":"https:\/\/fundacaofhc.org.br\/wp-content\/uploads\/2024\/08\/argbra.jpg","type":"image\/jpeg"}],"twitter_card":"summary_large_image","twitter_misc":{"Tiempo de lectura":"3 minutos"},"schema":{"@context":"https:\/\/schema.org","@graph":[{"@type":"WebPage","@id":"https:\/\/fundacaofhc.org.br\/es\/publicacao\/percepciones-argentinas-de-brasil-ambivalencias-y-expectativas\/","url":"https:\/\/fundacaofhc.org.br\/es\/publicacao\/percepciones-argentinas-de-brasil-ambivalencias-y-expectativas\/","name":"Percepciones Argentinas de Brasil: ambivalencias y expectativas | Funda\u00e7\u00e3o FHC","isPartOf":{"@id":"https:\/\/fundacaofhc.org.br\/es\/#website"},"primaryImageOfPage":{"@id":"https:\/\/fundacaofhc.org.br\/es\/publicacao\/percepciones-argentinas-de-brasil-ambivalencias-y-expectativas\/#primaryimage"},"image":{"@id":"https:\/\/fundacaofhc.org.br\/es\/publicacao\/percepciones-argentinas-de-brasil-ambivalencias-y-expectativas\/#primaryimage"},"thumbnailUrl":"https:\/\/fundacaofhc.org.br\/wp-content\/uploads\/2024\/08\/argbra.jpg","datePublished":"2011-07-29T19:32:00+00:00","dateModified":"2024-08-19T19:35:51+00:00","breadcrumb":{"@id":"https:\/\/fundacaofhc.org.br\/es\/publicacao\/percepciones-argentinas-de-brasil-ambivalencias-y-expectativas\/#breadcrumb"},"inLanguage":"es","potentialAction":[{"@type":"ReadAction","target":["https:\/\/fundacaofhc.org.br\/es\/publicacao\/percepciones-argentinas-de-brasil-ambivalencias-y-expectativas\/"]}]},{"@type":"ImageObject","inLanguage":"es","@id":"https:\/\/fundacaofhc.org.br\/es\/publicacao\/percepciones-argentinas-de-brasil-ambivalencias-y-expectativas\/#primaryimage","url":"https:\/\/fundacaofhc.org.br\/wp-content\/uploads\/2024\/08\/argbra.jpg","contentUrl":"https:\/\/fundacaofhc.org.br\/wp-content\/uploads\/2024\/08\/argbra.jpg","width":2458,"height":1608,"caption":"mockups-design.com"},{"@type":"BreadcrumbList","@id":"https:\/\/fundacaofhc.org.br\/es\/publicacao\/percepciones-argentinas-de-brasil-ambivalencias-y-expectativas\/#breadcrumb","itemListElement":[{"@type":"ListItem","position":1,"name":"Home","item":"https:\/\/fundacaofhc.org.br\/es\/"},{"@type":"ListItem","position":2,"name":"Percepciones Argentinas de Brasil: ambivalencias y expectativas"}]},{"@type":"WebSite","@id":"https:\/\/fundacaofhc.org.br\/es\/#website","url":"https:\/\/fundacaofhc.org.br\/es\/","name":"Funda\u00e7\u00e3o FHC","description":"Um lugar de debates sobre democracia e desenvolvimento","publisher":{"@id":"https:\/\/fundacaofhc.org.br\/es\/#organization"},"potentialAction":[{"@type":"SearchAction","target":{"@type":"EntryPoint","urlTemplate":"https:\/\/fundacaofhc.org.br\/es\/?s={search_term_string}"},"query-input":{"@type":"PropertyValueSpecification","valueRequired":true,"valueName":"search_term_string"}}],"inLanguage":"es"},{"@type":"Organization","@id":"https:\/\/fundacaofhc.org.br\/es\/#organization","name":"Funda\u00e7\u00e3o Fernando Henrique Cardoso","alternateName":"Funda\u00e7\u00e3o FHC","url":"https:\/\/fundacaofhc.org.br\/es\/","logo":{"@type":"ImageObject","inLanguage":"es","@id":"https:\/\/fundacaofhc.org.br\/es\/#\/schema\/logo\/image\/","url":"https:\/\/fundacaofhc.org.br\/wp-content\/uploads\/2024\/05\/favicon.png","contentUrl":"https:\/\/fundacaofhc.org.br\/wp-content\/uploads\/2024\/05\/favicon.png","width":512,"height":512,"caption":"Funda\u00e7\u00e3o Fernando Henrique Cardoso"},"image":{"@id":"https:\/\/fundacaofhc.org.br\/es\/#\/schema\/logo\/image\/"},"sameAs":["https:\/\/www.facebook.com\/fundacaoFHC\/","https:\/\/www.linkedin.com\/company\/fundao-instituto-fernando-henrique-cardoso","https:\/\/www.instagram.com\/fundacaofhc\/","https:\/\/twitter.com\/fundacaofhc","https:\/\/www.youtube.com\/FundacaoInstitutoFHC"]}]}},"_links":{"self":[{"href":"https:\/\/fundacaofhc.org.br\/es\/wp-json\/wp\/v2\/publicacao\/18705","targetHints":{"allow":["GET"]}}],"collection":[{"href":"https:\/\/fundacaofhc.org.br\/es\/wp-json\/wp\/v2\/publicacao"}],"about":[{"href":"https:\/\/fundacaofhc.org.br\/es\/wp-json\/wp\/v2\/types\/publicacao"}],"author":[{"embeddable":true,"href":"https:\/\/fundacaofhc.org.br\/es\/wp-json\/wp\/v2\/users\/5"}],"version-history":[{"count":0,"href":"https:\/\/fundacaofhc.org.br\/es\/wp-json\/wp\/v2\/publicacao\/18705\/revisions"}],"wp:featuredmedia":[{"embeddable":true,"href":"https:\/\/fundacaofhc.org.br\/es\/wp-json\/wp\/v2\/media\/18709"}],"wp:attachment":[{"href":"https:\/\/fundacaofhc.org.br\/es\/wp-json\/wp\/v2\/media?parent=18705"}],"wp:term":[{"taxonomy":"post_tag","embeddable":true,"href":"https:\/\/fundacaofhc.org.br\/es\/wp-json\/wp\/v2\/tags?post=18705"},{"taxonomy":"autor-publicacao","embeddable":true,"href":"https:\/\/fundacaofhc.org.br\/es\/wp-json\/wp\/v2\/autor-publicacao?post=18705"},{"taxonomy":"colecao","embeddable":true,"href":"https:\/\/fundacaofhc.org.br\/es\/wp-json\/wp\/v2\/colecao?post=18705"},{"taxonomy":"idioma","embeddable":true,"href":"https:\/\/fundacaofhc.org.br\/es\/wp-json\/wp\/v2\/idioma?post=18705"},{"taxonomy":"plataforma-democratica","embeddable":true,"href":"https:\/\/fundacaofhc.org.br\/es\/wp-json\/wp\/v2\/plataforma-democratica?post=18705"},{"taxonomy":"tema","embeddable":true,"href":"https:\/\/fundacaofhc.org.br\/es\/wp-json\/wp\/v2\/tema?post=18705"}],"curies":[{"name":"wp","href":"https:\/\/api.w.org\/{rel}","templated":true}]}}