{"id":18636,"date":"2011-07-25T15:27:00","date_gmt":"2011-07-25T18:27:00","guid":{"rendered":"https:\/\/fundacaofhc.org.br\/?post_type=publicacao&#038;p=18636"},"modified":"2024-08-15T15:35:54","modified_gmt":"2024-08-15T18:35:54","slug":"las-relaciones-de-brasil-con-venezuela-de-la-desconfianza-a-la-alianza-estrategica","status":"publish","type":"publicacao","link":"https:\/\/fundacaofhc.org.br\/es\/publicacao\/las-relaciones-de-brasil-con-venezuela-de-la-desconfianza-a-la-alianza-estrategica\/","title":{"rendered":"Las relaciones de Brasil con Venezuela: de la desconfianza a la alianza estrat\u00e9gica"},"content":{"rendered":"\n<p>Por muchos a\u00f1os, Brasil fue para Venezuela un \u201cvecino ausente\u201d. La sociedad venezolana ve\u00eda con suspicacia ciertas pretensiones expansionistas que inspiraba el \u201cgigante del sur\u201d. Los gobiernos militares alimentaron tales sospechas.<\/p>\n\n\n\n<p>Con la vuelta a la legalidad democr\u00e1tica en Brasil, las relaciones cobraron un nuevo \u00edmpetu, y los niveles de cooperaci\u00f3n alcanzan un alto grado de madurez y dinamismo que se prolongar\u00e1 por varios a\u00f1os. La d\u00e9cada de los noventa sit\u00faa las relaciones bilaterales en uno de sus mejores momentos respondiendo as\u00ed a intereses convergentes de pa\u00edses vecinos.<\/p>\n\n\n\n<p>Luego del triunfo electoral de Hugo Ch\u00e1vez, se perfilaron las primeras manifestaciones de lo que poco tiempo m\u00e1s tarde, ser\u00eda la conformaci\u00f3n de una alianza sustentada en una estrecha relaci\u00f3n personal y coincidencias ideol\u00f3gicas que marcar\u00e1n ocho a\u00f1os de una sociedad in\u00e9dita en las relaciones bilaterales.<\/p>\n\n\n\n<p>En el a\u00f1o 2005 se sell\u00f3 la \u201calianza estrat\u00e9gica\u201d entre Brasilia y Caracas con la suscripci\u00f3n de acuerdos y compromisos en una amplia variedad de materias. La profundizaci\u00f3n de \u00e9stos v\u00ednculos se convirtieron en una muy privilegiada sociedad que se tradujo en un incremento del 858% de las exportaciones brasile\u00f1as a Venezuela.<\/p>\n\n\n\n<p>Sin embargo, en el plano internacional ambos gobernantes transitaban rutas estrat\u00e9gicas distintas que con el tiempo acentuar\u00edan las diferencias entre ambos y el gradual distanciamiento de Lula con algunos de los presuntuosos proyectos de Ch\u00e1vez.<\/p>\n\n\n\n<p>El triunfo de Dilma Rousseff coloca a las relaciones bilaterales en un escenario de expectativas. Si bien es previsible la continuidad de las l\u00edneas maestras de la pol\u00edtica exterior, se plantean algunas hip\u00f3tesis interesantes en cuanto a un nuevo relacionamiento en el plano hemisf\u00e9rico.<\/p>\n\n\n\n<p>El protagonismo de Santos en la escena regional, el debilitamiento pol\u00edticoinstitucional en algunos pa\u00edses del arco andino y el agotamiento del discurso radical de Ch\u00e1vez nutren las expectativas en torno a un nuevo realineamiento que ser\u00e1 necesariamente liderado por Brasil como el pa\u00eds de mayor peso pol\u00edtico, econ\u00f3mico, geogr\u00e1fico y poblacional de la regi\u00f3n suramericana.<\/p>\n\n\n<div class=\"wp-block-image\">\n<figure class=\"aligncenter size-large is-resized\"><img loading=\"lazy\" decoding=\"async\" width=\"715\" height=\"1024\" src=\"https:\/\/fundacaofhc.org.br\/wp-content\/uploads\/2024\/08\/Captura-de-Tela-2024-08-15-a\u0300s-15.26.18-715x1024.png\" alt=\"\" class=\"wp-image-18637\" style=\"width:329px;height:auto\" srcset=\"https:\/\/fundacaofhc.org.br\/wp-content\/uploads\/2024\/08\/Captura-de-Tela-2024-08-15-a\u0300s-15.26.18-715x1024.png 715w, https:\/\/fundacaofhc.org.br\/wp-content\/uploads\/2024\/08\/Captura-de-Tela-2024-08-15-a\u0300s-15.26.18-209x300.png 209w, https:\/\/fundacaofhc.org.br\/wp-content\/uploads\/2024\/08\/Captura-de-Tela-2024-08-15-a\u0300s-15.26.18-768x1100.png 768w, https:\/\/fundacaofhc.org.br\/wp-content\/uploads\/2024\/08\/Captura-de-Tela-2024-08-15-a\u0300s-15.26.18-1072x1536.png 1072w, https:\/\/fundacaofhc.org.br\/wp-content\/uploads\/2024\/08\/Captura-de-Tela-2024-08-15-a\u0300s-15.26.18.png 1156w\" sizes=\"auto, (max-width: 715px) 100vw, 715px\" \/><\/figure>\n<\/div>\n\n\n\n<a href=\"https:\/\/fundacaofhc.org.br\/arquivos\/Plataforma_Democratica_Working_Paper_15_2011_Espanhol.pdf\" target=\"_blank\" class=\"btn btn-acao -download mb-5\" >DESCARGAR GRATIS<\/a>","protected":false},"excerpt":{"rendered":"<p>Art\u00edculo de Edmundo Gonz\u00e1lez Urrutia, internacionalista de la Universidad Central de Venezuela.<\/p>\n","protected":false},"author":5,"featured_media":18640,"template":"","tags":[560,564,634],"autor-publicacao":[],"colecao":[],"idioma":[495],"plataforma-democratica":[508,510],"tema":[472],"class_list":["post-18636","publicacao","type-publicacao","status-publish","has-post-thumbnail","hentry","tag-democracia-2","tag-venezuela-2","tag-brasil-2","idioma-espanol","plataforma-democratica-plataforma-democratica-es","plataforma-democratica-documento-de-trabajo","tema-crisis-y-actualizacion-de-la-democracia"],"acf":[],"yoast_head":"<!-- This site is optimized with the Yoast SEO plugin v27.2 - https:\/\/yoast.com\/product\/yoast-seo-wordpress\/ -->\n<title>Las relaciones de Brasil con Venezuela: de la desconfianza a la alianza estrat\u00e9gica | Funda\u00e7\u00e3o FHC<\/title>\n<meta name=\"robots\" content=\"index, follow, max-snippet:-1, max-image-preview:large, max-video-preview:-1\" \/>\n<link rel=\"canonical\" href=\"https:\/\/fundacaofhc.org.br\/es\/publicacao\/las-relaciones-de-brasil-con-venezuela-de-la-desconfianza-a-la-alianza-estrategica\/\" \/>\n<meta property=\"og:locale\" content=\"es_ES\" \/>\n<meta property=\"og:type\" content=\"article\" \/>\n<meta property=\"og:title\" content=\"Las relaciones de Brasil con Venezuela: de la desconfianza a la alianza estrat\u00e9gica | Funda\u00e7\u00e3o FHC\" \/>\n<meta property=\"og:description\" content=\"Art\u00edculo de Edmundo Gonz\u00e1lez Urrutia, internacionalista de la Universidad Central de Venezuela.\" \/>\n<meta property=\"og:url\" content=\"https:\/\/fundacaofhc.org.br\/es\/publicacao\/las-relaciones-de-brasil-con-venezuela-de-la-desconfianza-a-la-alianza-estrategica\/\" \/>\n<meta property=\"og:site_name\" content=\"Funda\u00e7\u00e3o FHC\" \/>\n<meta property=\"article:publisher\" content=\"https:\/\/www.facebook.com\/fundacaoFHC\/\" \/>\n<meta property=\"article:modified_time\" content=\"2024-08-15T18:35:54+00:00\" \/>\n<meta property=\"og:image\" content=\"https:\/\/fundacaofhc.org.br\/wp-content\/uploads\/2024\/08\/venez.jpg\" \/>\n\t<meta property=\"og:image:width\" content=\"2458\" \/>\n\t<meta property=\"og:image:height\" content=\"1608\" \/>\n\t<meta property=\"og:image:type\" content=\"image\/jpeg\" \/>\n<meta name=\"twitter:card\" content=\"summary_large_image\" \/>\n<meta name=\"twitter:label1\" content=\"Tiempo de lectura\" \/>\n\t<meta name=\"twitter:data1\" content=\"3 minutos\" \/>\n<script type=\"application\/ld+json\" class=\"yoast-schema-graph\">{\"@context\":\"https:\/\/schema.org\",\"@graph\":[{\"@type\":\"WebPage\",\"@id\":\"https:\/\/fundacaofhc.org.br\/es\/publicacao\/las-relaciones-de-brasil-con-venezuela-de-la-desconfianza-a-la-alianza-estrategica\/\",\"url\":\"https:\/\/fundacaofhc.org.br\/es\/publicacao\/las-relaciones-de-brasil-con-venezuela-de-la-desconfianza-a-la-alianza-estrategica\/\",\"name\":\"Las relaciones de Brasil con Venezuela: de la desconfianza a la alianza estrat\u00e9gica | Funda\u00e7\u00e3o FHC\",\"isPartOf\":{\"@id\":\"https:\/\/fundacaofhc.org.br\/es\/#website\"},\"primaryImageOfPage\":{\"@id\":\"https:\/\/fundacaofhc.org.br\/es\/publicacao\/las-relaciones-de-brasil-con-venezuela-de-la-desconfianza-a-la-alianza-estrategica\/#primaryimage\"},\"image\":{\"@id\":\"https:\/\/fundacaofhc.org.br\/es\/publicacao\/las-relaciones-de-brasil-con-venezuela-de-la-desconfianza-a-la-alianza-estrategica\/#primaryimage\"},\"thumbnailUrl\":\"https:\/\/fundacaofhc.org.br\/wp-content\/uploads\/2024\/08\/venez.jpg\",\"datePublished\":\"2011-07-25T18:27:00+00:00\",\"dateModified\":\"2024-08-15T18:35:54+00:00\",\"breadcrumb\":{\"@id\":\"https:\/\/fundacaofhc.org.br\/es\/publicacao\/las-relaciones-de-brasil-con-venezuela-de-la-desconfianza-a-la-alianza-estrategica\/#breadcrumb\"},\"inLanguage\":\"es\",\"potentialAction\":[{\"@type\":\"ReadAction\",\"target\":[\"https:\/\/fundacaofhc.org.br\/es\/publicacao\/las-relaciones-de-brasil-con-venezuela-de-la-desconfianza-a-la-alianza-estrategica\/\"]}]},{\"@type\":\"ImageObject\",\"inLanguage\":\"es\",\"@id\":\"https:\/\/fundacaofhc.org.br\/es\/publicacao\/las-relaciones-de-brasil-con-venezuela-de-la-desconfianza-a-la-alianza-estrategica\/#primaryimage\",\"url\":\"https:\/\/fundacaofhc.org.br\/wp-content\/uploads\/2024\/08\/venez.jpg\",\"contentUrl\":\"https:\/\/fundacaofhc.org.br\/wp-content\/uploads\/2024\/08\/venez.jpg\",\"width\":2458,\"height\":1608,\"caption\":\"mockups-design.com\"},{\"@type\":\"BreadcrumbList\",\"@id\":\"https:\/\/fundacaofhc.org.br\/es\/publicacao\/las-relaciones-de-brasil-con-venezuela-de-la-desconfianza-a-la-alianza-estrategica\/#breadcrumb\",\"itemListElement\":[{\"@type\":\"ListItem\",\"position\":1,\"name\":\"Home\",\"item\":\"https:\/\/fundacaofhc.org.br\/es\/\"},{\"@type\":\"ListItem\",\"position\":2,\"name\":\"Las relaciones de Brasil con Venezuela: de la desconfianza a la alianza estrat\u00e9gica\"}]},{\"@type\":\"WebSite\",\"@id\":\"https:\/\/fundacaofhc.org.br\/es\/#website\",\"url\":\"https:\/\/fundacaofhc.org.br\/es\/\",\"name\":\"Funda\u00e7\u00e3o FHC\",\"description\":\"Um lugar de debates sobre democracia e desenvolvimento\",\"publisher\":{\"@id\":\"https:\/\/fundacaofhc.org.br\/es\/#organization\"},\"potentialAction\":[{\"@type\":\"SearchAction\",\"target\":{\"@type\":\"EntryPoint\",\"urlTemplate\":\"https:\/\/fundacaofhc.org.br\/es\/?s={search_term_string}\"},\"query-input\":{\"@type\":\"PropertyValueSpecification\",\"valueRequired\":true,\"valueName\":\"search_term_string\"}}],\"inLanguage\":\"es\"},{\"@type\":\"Organization\",\"@id\":\"https:\/\/fundacaofhc.org.br\/es\/#organization\",\"name\":\"Funda\u00e7\u00e3o Fernando Henrique Cardoso\",\"alternateName\":\"Funda\u00e7\u00e3o FHC\",\"url\":\"https:\/\/fundacaofhc.org.br\/es\/\",\"logo\":{\"@type\":\"ImageObject\",\"inLanguage\":\"es\",\"@id\":\"https:\/\/fundacaofhc.org.br\/es\/#\/schema\/logo\/image\/\",\"url\":\"https:\/\/fundacaofhc.org.br\/wp-content\/uploads\/2024\/05\/favicon.png\",\"contentUrl\":\"https:\/\/fundacaofhc.org.br\/wp-content\/uploads\/2024\/05\/favicon.png\",\"width\":512,\"height\":512,\"caption\":\"Funda\u00e7\u00e3o Fernando Henrique Cardoso\"},\"image\":{\"@id\":\"https:\/\/fundacaofhc.org.br\/es\/#\/schema\/logo\/image\/\"},\"sameAs\":[\"https:\/\/www.facebook.com\/fundacaoFHC\/\",\"https:\/\/www.linkedin.com\/company\/fundao-instituto-fernando-henrique-cardoso\",\"https:\/\/www.instagram.com\/fundacaofhc\/\",\"https:\/\/twitter.com\/fundacaofhc\",\"https:\/\/www.youtube.com\/FundacaoInstitutoFHC\"]}]}<\/script>\n<!-- \/ Yoast SEO plugin. -->","yoast_head_json":{"title":"Las relaciones de Brasil con Venezuela: de la desconfianza a la alianza estrat\u00e9gica | Funda\u00e7\u00e3o FHC","robots":{"index":"index","follow":"follow","max-snippet":"max-snippet:-1","max-image-preview":"max-image-preview:large","max-video-preview":"max-video-preview:-1"},"canonical":"https:\/\/fundacaofhc.org.br\/es\/publicacao\/las-relaciones-de-brasil-con-venezuela-de-la-desconfianza-a-la-alianza-estrategica\/","og_locale":"es_ES","og_type":"article","og_title":"Las relaciones de Brasil con Venezuela: de la desconfianza a la alianza estrat\u00e9gica | Funda\u00e7\u00e3o FHC","og_description":"Art\u00edculo de Edmundo Gonz\u00e1lez Urrutia, internacionalista de la Universidad Central de Venezuela.","og_url":"https:\/\/fundacaofhc.org.br\/es\/publicacao\/las-relaciones-de-brasil-con-venezuela-de-la-desconfianza-a-la-alianza-estrategica\/","og_site_name":"Funda\u00e7\u00e3o FHC","article_publisher":"https:\/\/www.facebook.com\/fundacaoFHC\/","article_modified_time":"2024-08-15T18:35:54+00:00","og_image":[{"width":2458,"height":1608,"url":"https:\/\/fundacaofhc.org.br\/wp-content\/uploads\/2024\/08\/venez.jpg","type":"image\/jpeg"}],"twitter_card":"summary_large_image","twitter_misc":{"Tiempo de lectura":"3 minutos"},"schema":{"@context":"https:\/\/schema.org","@graph":[{"@type":"WebPage","@id":"https:\/\/fundacaofhc.org.br\/es\/publicacao\/las-relaciones-de-brasil-con-venezuela-de-la-desconfianza-a-la-alianza-estrategica\/","url":"https:\/\/fundacaofhc.org.br\/es\/publicacao\/las-relaciones-de-brasil-con-venezuela-de-la-desconfianza-a-la-alianza-estrategica\/","name":"Las relaciones de Brasil con Venezuela: de la desconfianza a la alianza estrat\u00e9gica | Funda\u00e7\u00e3o FHC","isPartOf":{"@id":"https:\/\/fundacaofhc.org.br\/es\/#website"},"primaryImageOfPage":{"@id":"https:\/\/fundacaofhc.org.br\/es\/publicacao\/las-relaciones-de-brasil-con-venezuela-de-la-desconfianza-a-la-alianza-estrategica\/#primaryimage"},"image":{"@id":"https:\/\/fundacaofhc.org.br\/es\/publicacao\/las-relaciones-de-brasil-con-venezuela-de-la-desconfianza-a-la-alianza-estrategica\/#primaryimage"},"thumbnailUrl":"https:\/\/fundacaofhc.org.br\/wp-content\/uploads\/2024\/08\/venez.jpg","datePublished":"2011-07-25T18:27:00+00:00","dateModified":"2024-08-15T18:35:54+00:00","breadcrumb":{"@id":"https:\/\/fundacaofhc.org.br\/es\/publicacao\/las-relaciones-de-brasil-con-venezuela-de-la-desconfianza-a-la-alianza-estrategica\/#breadcrumb"},"inLanguage":"es","potentialAction":[{"@type":"ReadAction","target":["https:\/\/fundacaofhc.org.br\/es\/publicacao\/las-relaciones-de-brasil-con-venezuela-de-la-desconfianza-a-la-alianza-estrategica\/"]}]},{"@type":"ImageObject","inLanguage":"es","@id":"https:\/\/fundacaofhc.org.br\/es\/publicacao\/las-relaciones-de-brasil-con-venezuela-de-la-desconfianza-a-la-alianza-estrategica\/#primaryimage","url":"https:\/\/fundacaofhc.org.br\/wp-content\/uploads\/2024\/08\/venez.jpg","contentUrl":"https:\/\/fundacaofhc.org.br\/wp-content\/uploads\/2024\/08\/venez.jpg","width":2458,"height":1608,"caption":"mockups-design.com"},{"@type":"BreadcrumbList","@id":"https:\/\/fundacaofhc.org.br\/es\/publicacao\/las-relaciones-de-brasil-con-venezuela-de-la-desconfianza-a-la-alianza-estrategica\/#breadcrumb","itemListElement":[{"@type":"ListItem","position":1,"name":"Home","item":"https:\/\/fundacaofhc.org.br\/es\/"},{"@type":"ListItem","position":2,"name":"Las relaciones de Brasil con Venezuela: de la desconfianza a la alianza estrat\u00e9gica"}]},{"@type":"WebSite","@id":"https:\/\/fundacaofhc.org.br\/es\/#website","url":"https:\/\/fundacaofhc.org.br\/es\/","name":"Funda\u00e7\u00e3o FHC","description":"Um lugar de debates sobre democracia e desenvolvimento","publisher":{"@id":"https:\/\/fundacaofhc.org.br\/es\/#organization"},"potentialAction":[{"@type":"SearchAction","target":{"@type":"EntryPoint","urlTemplate":"https:\/\/fundacaofhc.org.br\/es\/?s={search_term_string}"},"query-input":{"@type":"PropertyValueSpecification","valueRequired":true,"valueName":"search_term_string"}}],"inLanguage":"es"},{"@type":"Organization","@id":"https:\/\/fundacaofhc.org.br\/es\/#organization","name":"Funda\u00e7\u00e3o Fernando Henrique Cardoso","alternateName":"Funda\u00e7\u00e3o FHC","url":"https:\/\/fundacaofhc.org.br\/es\/","logo":{"@type":"ImageObject","inLanguage":"es","@id":"https:\/\/fundacaofhc.org.br\/es\/#\/schema\/logo\/image\/","url":"https:\/\/fundacaofhc.org.br\/wp-content\/uploads\/2024\/05\/favicon.png","contentUrl":"https:\/\/fundacaofhc.org.br\/wp-content\/uploads\/2024\/05\/favicon.png","width":512,"height":512,"caption":"Funda\u00e7\u00e3o Fernando Henrique Cardoso"},"image":{"@id":"https:\/\/fundacaofhc.org.br\/es\/#\/schema\/logo\/image\/"},"sameAs":["https:\/\/www.facebook.com\/fundacaoFHC\/","https:\/\/www.linkedin.com\/company\/fundao-instituto-fernando-henrique-cardoso","https:\/\/www.instagram.com\/fundacaofhc\/","https:\/\/twitter.com\/fundacaofhc","https:\/\/www.youtube.com\/FundacaoInstitutoFHC"]}]}},"_links":{"self":[{"href":"https:\/\/fundacaofhc.org.br\/es\/wp-json\/wp\/v2\/publicacao\/18636","targetHints":{"allow":["GET"]}}],"collection":[{"href":"https:\/\/fundacaofhc.org.br\/es\/wp-json\/wp\/v2\/publicacao"}],"about":[{"href":"https:\/\/fundacaofhc.org.br\/es\/wp-json\/wp\/v2\/types\/publicacao"}],"author":[{"embeddable":true,"href":"https:\/\/fundacaofhc.org.br\/es\/wp-json\/wp\/v2\/users\/5"}],"version-history":[{"count":0,"href":"https:\/\/fundacaofhc.org.br\/es\/wp-json\/wp\/v2\/publicacao\/18636\/revisions"}],"wp:featuredmedia":[{"embeddable":true,"href":"https:\/\/fundacaofhc.org.br\/es\/wp-json\/wp\/v2\/media\/18640"}],"wp:attachment":[{"href":"https:\/\/fundacaofhc.org.br\/es\/wp-json\/wp\/v2\/media?parent=18636"}],"wp:term":[{"taxonomy":"post_tag","embeddable":true,"href":"https:\/\/fundacaofhc.org.br\/es\/wp-json\/wp\/v2\/tags?post=18636"},{"taxonomy":"autor-publicacao","embeddable":true,"href":"https:\/\/fundacaofhc.org.br\/es\/wp-json\/wp\/v2\/autor-publicacao?post=18636"},{"taxonomy":"colecao","embeddable":true,"href":"https:\/\/fundacaofhc.org.br\/es\/wp-json\/wp\/v2\/colecao?post=18636"},{"taxonomy":"idioma","embeddable":true,"href":"https:\/\/fundacaofhc.org.br\/es\/wp-json\/wp\/v2\/idioma?post=18636"},{"taxonomy":"plataforma-democratica","embeddable":true,"href":"https:\/\/fundacaofhc.org.br\/es\/wp-json\/wp\/v2\/plataforma-democratica?post=18636"},{"taxonomy":"tema","embeddable":true,"href":"https:\/\/fundacaofhc.org.br\/es\/wp-json\/wp\/v2\/tema?post=18636"}],"curies":[{"name":"wp","href":"https:\/\/api.w.org\/{rel}","templated":true}]}}