{"id":18583,"date":"2010-07-29T13:24:00","date_gmt":"2010-07-29T16:24:00","guid":{"rendered":"https:\/\/fundacaofhc.org.br\/?post_type=publicacao&#038;p=18583"},"modified":"2024-08-15T13:29:10","modified_gmt":"2024-08-15T16:29:10","slug":"agua-y-tierra-en-america-latina-estrategias-globales-y-politicas","status":"publish","type":"publicacao","link":"https:\/\/fundacaofhc.org.br\/es\/publicacao\/agua-y-tierra-en-america-latina-estrategias-globales-y-politicas\/","title":{"rendered":"Agua y tierra en Am\u00e9rica Latina: estrategias globales y pol\u00edticas"},"content":{"rendered":"\n<p><br>Este art\u00edculo analiza dentro de un contexto global, en el caso de Am\u00e9rica Latina, los impactos de la transformaci\u00f3n del agua y la tierra en recursos estrat\u00e9gicos escasos. Detr\u00e1s del agua y la tierra, hay preocupaci\u00f3n por alimentos, combustibles, energ\u00eda y minerales, provocado por el veloz y sostenido crecimiento de un creciente n\u00famero de pa\u00edses del mundo en desarrollo. La b\u00fasqueda de estos recursos implica estrategias que ponen en entredicho algunas de las tendencias clave asociadas a la globalizaci\u00f3n. Las estrategias que actualmente est\u00e1n poniendo en marcha para acceder a estos recursos comienza a desplazar la centralidad del libre comercio a favor de acuerdos bilaterales o regionales, cuando no volviendo a modelos coloniales de anta\u00f1o. Estados con un poder altamente concentrado son una caracter\u00edstica que define a estos pa\u00edses emergentes. Dentro de \u00e9ste marco m\u00e1s amplio, comenzaremos discutiendo la aparici\u00f3n y significaci\u00f3n del agua y la tierra como recursos estrat\u00e9gicos escasos, antes de concentrarnos en su importancia en Am\u00e9rica Latina y las tendencias de la inversi\u00f3n extranjera y las iniciativas pol\u00edticas relacionadas que ellas est\u00e1n provocando.<\/p>\n\n\n<div class=\"wp-block-image\">\n<figure class=\"aligncenter size-large is-resized\"><img loading=\"lazy\" decoding=\"async\" width=\"715\" height=\"1024\" src=\"https:\/\/fundacaofhc.org.br\/wp-content\/uploads\/2024\/08\/Captura-de-Tela-2024-08-15-a\u0300s-13.22.16-715x1024.png\" alt=\"\" class=\"wp-image-18587\" style=\"width:372px;height:auto\" srcset=\"https:\/\/fundacaofhc.org.br\/wp-content\/uploads\/2024\/08\/Captura-de-Tela-2024-08-15-a\u0300s-13.22.16-715x1024.png 715w, https:\/\/fundacaofhc.org.br\/wp-content\/uploads\/2024\/08\/Captura-de-Tela-2024-08-15-a\u0300s-13.22.16-209x300.png 209w, https:\/\/fundacaofhc.org.br\/wp-content\/uploads\/2024\/08\/Captura-de-Tela-2024-08-15-a\u0300s-13.22.16-768x1101.png 768w, https:\/\/fundacaofhc.org.br\/wp-content\/uploads\/2024\/08\/Captura-de-Tela-2024-08-15-a\u0300s-13.22.16-1072x1536.png 1072w, https:\/\/fundacaofhc.org.br\/wp-content\/uploads\/2024\/08\/Captura-de-Tela-2024-08-15-a\u0300s-13.22.16.png 1164w\" sizes=\"auto, (max-width: 715px) 100vw, 715px\" \/><\/figure>\n<\/div>\n\n\n\n<a href=\"https:\/\/fundacaofhc.org.br\/arquivos\/Agua%20y%20tierra%20en%20America%20Latina.pdf\" target=\"_blank\" class=\"btn btn-acao -download mb-5\" >DESCARGAR GRATIS<\/a>","protected":false},"excerpt":{"rendered":"<p>Art\u00edculo escrito por el profesor y soci\u00f3logo John Wilkinson.<\/p>\n","protected":false},"author":5,"featured_media":18590,"template":"","tags":[562,574,587],"autor-publicacao":[],"colecao":[],"idioma":[495],"plataforma-democratica":[508,510],"tema":[473],"class_list":["post-18583","publicacao","type-publicacao","status-publish","has-post-thumbnail","hentry","tag-america-latina-2","tag-politica-2","tag-medio-ambiente","idioma-espanol","plataforma-democratica-plataforma-democratica-es","plataforma-democratica-documento-de-trabajo","tema-desarrollo-y-sostenibilidad"],"acf":[],"yoast_head":"<!-- This site is optimized with the Yoast SEO plugin v27.2 - https:\/\/yoast.com\/product\/yoast-seo-wordpress\/ -->\n<title>Agua y tierra en Am\u00e9rica Latina: estrategias globales y pol\u00edticas | Funda\u00e7\u00e3o FHC<\/title>\n<meta name=\"robots\" content=\"index, follow, max-snippet:-1, max-image-preview:large, max-video-preview:-1\" \/>\n<link rel=\"canonical\" href=\"https:\/\/fundacaofhc.org.br\/es\/publicacao\/agua-y-tierra-en-america-latina-estrategias-globales-y-politicas\/\" \/>\n<meta property=\"og:locale\" content=\"es_ES\" \/>\n<meta property=\"og:type\" content=\"article\" \/>\n<meta property=\"og:title\" content=\"Agua y tierra en Am\u00e9rica Latina: estrategias globales y pol\u00edticas | Funda\u00e7\u00e3o FHC\" \/>\n<meta property=\"og:description\" content=\"Art\u00edculo escrito por el profesor y soci\u00f3logo John Wilkinson.\" \/>\n<meta property=\"og:url\" content=\"https:\/\/fundacaofhc.org.br\/es\/publicacao\/agua-y-tierra-en-america-latina-estrategias-globales-y-politicas\/\" \/>\n<meta property=\"og:site_name\" content=\"Funda\u00e7\u00e3o FHC\" \/>\n<meta property=\"article:publisher\" content=\"https:\/\/www.facebook.com\/fundacaoFHC\/\" \/>\n<meta property=\"article:modified_time\" content=\"2024-08-15T16:29:10+00:00\" \/>\n<meta property=\"og:image\" content=\"https:\/\/fundacaofhc.org.br\/wp-content\/uploads\/2024\/08\/agua.jpg\" \/>\n\t<meta property=\"og:image:width\" content=\"2458\" \/>\n\t<meta property=\"og:image:height\" content=\"1608\" \/>\n\t<meta property=\"og:image:type\" content=\"image\/jpeg\" \/>\n<meta name=\"twitter:card\" content=\"summary_large_image\" \/>\n<meta name=\"twitter:label1\" content=\"Tiempo de lectura\" \/>\n\t<meta name=\"twitter:data1\" content=\"2 minutos\" \/>\n<script type=\"application\/ld+json\" class=\"yoast-schema-graph\">{\"@context\":\"https:\/\/schema.org\",\"@graph\":[{\"@type\":\"WebPage\",\"@id\":\"https:\/\/fundacaofhc.org.br\/es\/publicacao\/agua-y-tierra-en-america-latina-estrategias-globales-y-politicas\/\",\"url\":\"https:\/\/fundacaofhc.org.br\/es\/publicacao\/agua-y-tierra-en-america-latina-estrategias-globales-y-politicas\/\",\"name\":\"Agua y tierra en Am\u00e9rica Latina: estrategias globales y pol\u00edticas | Funda\u00e7\u00e3o FHC\",\"isPartOf\":{\"@id\":\"https:\/\/fundacaofhc.org.br\/es\/#website\"},\"primaryImageOfPage\":{\"@id\":\"https:\/\/fundacaofhc.org.br\/es\/publicacao\/agua-y-tierra-en-america-latina-estrategias-globales-y-politicas\/#primaryimage\"},\"image\":{\"@id\":\"https:\/\/fundacaofhc.org.br\/es\/publicacao\/agua-y-tierra-en-america-latina-estrategias-globales-y-politicas\/#primaryimage\"},\"thumbnailUrl\":\"https:\/\/fundacaofhc.org.br\/wp-content\/uploads\/2024\/08\/agua.jpg\",\"datePublished\":\"2010-07-29T16:24:00+00:00\",\"dateModified\":\"2024-08-15T16:29:10+00:00\",\"breadcrumb\":{\"@id\":\"https:\/\/fundacaofhc.org.br\/es\/publicacao\/agua-y-tierra-en-america-latina-estrategias-globales-y-politicas\/#breadcrumb\"},\"inLanguage\":\"es\",\"potentialAction\":[{\"@type\":\"ReadAction\",\"target\":[\"https:\/\/fundacaofhc.org.br\/es\/publicacao\/agua-y-tierra-en-america-latina-estrategias-globales-y-politicas\/\"]}]},{\"@type\":\"ImageObject\",\"inLanguage\":\"es\",\"@id\":\"https:\/\/fundacaofhc.org.br\/es\/publicacao\/agua-y-tierra-en-america-latina-estrategias-globales-y-politicas\/#primaryimage\",\"url\":\"https:\/\/fundacaofhc.org.br\/wp-content\/uploads\/2024\/08\/agua.jpg\",\"contentUrl\":\"https:\/\/fundacaofhc.org.br\/wp-content\/uploads\/2024\/08\/agua.jpg\",\"width\":2458,\"height\":1608,\"caption\":\"mockups-design.com\"},{\"@type\":\"BreadcrumbList\",\"@id\":\"https:\/\/fundacaofhc.org.br\/es\/publicacao\/agua-y-tierra-en-america-latina-estrategias-globales-y-politicas\/#breadcrumb\",\"itemListElement\":[{\"@type\":\"ListItem\",\"position\":1,\"name\":\"Home\",\"item\":\"https:\/\/fundacaofhc.org.br\/es\/\"},{\"@type\":\"ListItem\",\"position\":2,\"name\":\"Agua y tierra en Am\u00e9rica Latina: estrategias globales y pol\u00edticas\"}]},{\"@type\":\"WebSite\",\"@id\":\"https:\/\/fundacaofhc.org.br\/es\/#website\",\"url\":\"https:\/\/fundacaofhc.org.br\/es\/\",\"name\":\"Funda\u00e7\u00e3o FHC\",\"description\":\"Um lugar de debates sobre democracia e desenvolvimento\",\"publisher\":{\"@id\":\"https:\/\/fundacaofhc.org.br\/es\/#organization\"},\"potentialAction\":[{\"@type\":\"SearchAction\",\"target\":{\"@type\":\"EntryPoint\",\"urlTemplate\":\"https:\/\/fundacaofhc.org.br\/es\/?s={search_term_string}\"},\"query-input\":{\"@type\":\"PropertyValueSpecification\",\"valueRequired\":true,\"valueName\":\"search_term_string\"}}],\"inLanguage\":\"es\"},{\"@type\":\"Organization\",\"@id\":\"https:\/\/fundacaofhc.org.br\/es\/#organization\",\"name\":\"Funda\u00e7\u00e3o Fernando Henrique Cardoso\",\"alternateName\":\"Funda\u00e7\u00e3o FHC\",\"url\":\"https:\/\/fundacaofhc.org.br\/es\/\",\"logo\":{\"@type\":\"ImageObject\",\"inLanguage\":\"es\",\"@id\":\"https:\/\/fundacaofhc.org.br\/es\/#\/schema\/logo\/image\/\",\"url\":\"https:\/\/fundacaofhc.org.br\/wp-content\/uploads\/2024\/05\/favicon.png\",\"contentUrl\":\"https:\/\/fundacaofhc.org.br\/wp-content\/uploads\/2024\/05\/favicon.png\",\"width\":512,\"height\":512,\"caption\":\"Funda\u00e7\u00e3o Fernando Henrique Cardoso\"},\"image\":{\"@id\":\"https:\/\/fundacaofhc.org.br\/es\/#\/schema\/logo\/image\/\"},\"sameAs\":[\"https:\/\/www.facebook.com\/fundacaoFHC\/\",\"https:\/\/www.linkedin.com\/company\/fundao-instituto-fernando-henrique-cardoso\",\"https:\/\/www.instagram.com\/fundacaofhc\/\",\"https:\/\/twitter.com\/fundacaofhc\",\"https:\/\/www.youtube.com\/FundacaoInstitutoFHC\"]}]}<\/script>\n<!-- \/ Yoast SEO plugin. -->","yoast_head_json":{"title":"Agua y tierra en Am\u00e9rica Latina: estrategias globales y pol\u00edticas | Funda\u00e7\u00e3o FHC","robots":{"index":"index","follow":"follow","max-snippet":"max-snippet:-1","max-image-preview":"max-image-preview:large","max-video-preview":"max-video-preview:-1"},"canonical":"https:\/\/fundacaofhc.org.br\/es\/publicacao\/agua-y-tierra-en-america-latina-estrategias-globales-y-politicas\/","og_locale":"es_ES","og_type":"article","og_title":"Agua y tierra en Am\u00e9rica Latina: estrategias globales y pol\u00edticas | Funda\u00e7\u00e3o FHC","og_description":"Art\u00edculo escrito por el profesor y soci\u00f3logo John Wilkinson.","og_url":"https:\/\/fundacaofhc.org.br\/es\/publicacao\/agua-y-tierra-en-america-latina-estrategias-globales-y-politicas\/","og_site_name":"Funda\u00e7\u00e3o FHC","article_publisher":"https:\/\/www.facebook.com\/fundacaoFHC\/","article_modified_time":"2024-08-15T16:29:10+00:00","og_image":[{"width":2458,"height":1608,"url":"https:\/\/fundacaofhc.org.br\/wp-content\/uploads\/2024\/08\/agua.jpg","type":"image\/jpeg"}],"twitter_card":"summary_large_image","twitter_misc":{"Tiempo de lectura":"2 minutos"},"schema":{"@context":"https:\/\/schema.org","@graph":[{"@type":"WebPage","@id":"https:\/\/fundacaofhc.org.br\/es\/publicacao\/agua-y-tierra-en-america-latina-estrategias-globales-y-politicas\/","url":"https:\/\/fundacaofhc.org.br\/es\/publicacao\/agua-y-tierra-en-america-latina-estrategias-globales-y-politicas\/","name":"Agua y tierra en Am\u00e9rica Latina: estrategias globales y pol\u00edticas | Funda\u00e7\u00e3o FHC","isPartOf":{"@id":"https:\/\/fundacaofhc.org.br\/es\/#website"},"primaryImageOfPage":{"@id":"https:\/\/fundacaofhc.org.br\/es\/publicacao\/agua-y-tierra-en-america-latina-estrategias-globales-y-politicas\/#primaryimage"},"image":{"@id":"https:\/\/fundacaofhc.org.br\/es\/publicacao\/agua-y-tierra-en-america-latina-estrategias-globales-y-politicas\/#primaryimage"},"thumbnailUrl":"https:\/\/fundacaofhc.org.br\/wp-content\/uploads\/2024\/08\/agua.jpg","datePublished":"2010-07-29T16:24:00+00:00","dateModified":"2024-08-15T16:29:10+00:00","breadcrumb":{"@id":"https:\/\/fundacaofhc.org.br\/es\/publicacao\/agua-y-tierra-en-america-latina-estrategias-globales-y-politicas\/#breadcrumb"},"inLanguage":"es","potentialAction":[{"@type":"ReadAction","target":["https:\/\/fundacaofhc.org.br\/es\/publicacao\/agua-y-tierra-en-america-latina-estrategias-globales-y-politicas\/"]}]},{"@type":"ImageObject","inLanguage":"es","@id":"https:\/\/fundacaofhc.org.br\/es\/publicacao\/agua-y-tierra-en-america-latina-estrategias-globales-y-politicas\/#primaryimage","url":"https:\/\/fundacaofhc.org.br\/wp-content\/uploads\/2024\/08\/agua.jpg","contentUrl":"https:\/\/fundacaofhc.org.br\/wp-content\/uploads\/2024\/08\/agua.jpg","width":2458,"height":1608,"caption":"mockups-design.com"},{"@type":"BreadcrumbList","@id":"https:\/\/fundacaofhc.org.br\/es\/publicacao\/agua-y-tierra-en-america-latina-estrategias-globales-y-politicas\/#breadcrumb","itemListElement":[{"@type":"ListItem","position":1,"name":"Home","item":"https:\/\/fundacaofhc.org.br\/es\/"},{"@type":"ListItem","position":2,"name":"Agua y tierra en Am\u00e9rica Latina: estrategias globales y pol\u00edticas"}]},{"@type":"WebSite","@id":"https:\/\/fundacaofhc.org.br\/es\/#website","url":"https:\/\/fundacaofhc.org.br\/es\/","name":"Funda\u00e7\u00e3o FHC","description":"Um lugar de debates sobre democracia e desenvolvimento","publisher":{"@id":"https:\/\/fundacaofhc.org.br\/es\/#organization"},"potentialAction":[{"@type":"SearchAction","target":{"@type":"EntryPoint","urlTemplate":"https:\/\/fundacaofhc.org.br\/es\/?s={search_term_string}"},"query-input":{"@type":"PropertyValueSpecification","valueRequired":true,"valueName":"search_term_string"}}],"inLanguage":"es"},{"@type":"Organization","@id":"https:\/\/fundacaofhc.org.br\/es\/#organization","name":"Funda\u00e7\u00e3o Fernando Henrique Cardoso","alternateName":"Funda\u00e7\u00e3o FHC","url":"https:\/\/fundacaofhc.org.br\/es\/","logo":{"@type":"ImageObject","inLanguage":"es","@id":"https:\/\/fundacaofhc.org.br\/es\/#\/schema\/logo\/image\/","url":"https:\/\/fundacaofhc.org.br\/wp-content\/uploads\/2024\/05\/favicon.png","contentUrl":"https:\/\/fundacaofhc.org.br\/wp-content\/uploads\/2024\/05\/favicon.png","width":512,"height":512,"caption":"Funda\u00e7\u00e3o Fernando Henrique Cardoso"},"image":{"@id":"https:\/\/fundacaofhc.org.br\/es\/#\/schema\/logo\/image\/"},"sameAs":["https:\/\/www.facebook.com\/fundacaoFHC\/","https:\/\/www.linkedin.com\/company\/fundao-instituto-fernando-henrique-cardoso","https:\/\/www.instagram.com\/fundacaofhc\/","https:\/\/twitter.com\/fundacaofhc","https:\/\/www.youtube.com\/FundacaoInstitutoFHC"]}]}},"_links":{"self":[{"href":"https:\/\/fundacaofhc.org.br\/es\/wp-json\/wp\/v2\/publicacao\/18583","targetHints":{"allow":["GET"]}}],"collection":[{"href":"https:\/\/fundacaofhc.org.br\/es\/wp-json\/wp\/v2\/publicacao"}],"about":[{"href":"https:\/\/fundacaofhc.org.br\/es\/wp-json\/wp\/v2\/types\/publicacao"}],"author":[{"embeddable":true,"href":"https:\/\/fundacaofhc.org.br\/es\/wp-json\/wp\/v2\/users\/5"}],"version-history":[{"count":0,"href":"https:\/\/fundacaofhc.org.br\/es\/wp-json\/wp\/v2\/publicacao\/18583\/revisions"}],"wp:featuredmedia":[{"embeddable":true,"href":"https:\/\/fundacaofhc.org.br\/es\/wp-json\/wp\/v2\/media\/18590"}],"wp:attachment":[{"href":"https:\/\/fundacaofhc.org.br\/es\/wp-json\/wp\/v2\/media?parent=18583"}],"wp:term":[{"taxonomy":"post_tag","embeddable":true,"href":"https:\/\/fundacaofhc.org.br\/es\/wp-json\/wp\/v2\/tags?post=18583"},{"taxonomy":"autor-publicacao","embeddable":true,"href":"https:\/\/fundacaofhc.org.br\/es\/wp-json\/wp\/v2\/autor-publicacao?post=18583"},{"taxonomy":"colecao","embeddable":true,"href":"https:\/\/fundacaofhc.org.br\/es\/wp-json\/wp\/v2\/colecao?post=18583"},{"taxonomy":"idioma","embeddable":true,"href":"https:\/\/fundacaofhc.org.br\/es\/wp-json\/wp\/v2\/idioma?post=18583"},{"taxonomy":"plataforma-democratica","embeddable":true,"href":"https:\/\/fundacaofhc.org.br\/es\/wp-json\/wp\/v2\/plataforma-democratica?post=18583"},{"taxonomy":"tema","embeddable":true,"href":"https:\/\/fundacaofhc.org.br\/es\/wp-json\/wp\/v2\/tema?post=18583"}],"curies":[{"name":"wp","href":"https:\/\/api.w.org\/{rel}","templated":true}]}}